{"id":11458,"date":"2024-09-24T14:26:31","date_gmt":"2024-09-24T12:26:31","guid":{"rendered":"https:\/\/www.euronaval.fr\/temps-forts\/five-exploration-spaces\/"},"modified":"2024-10-28T12:08:03","modified_gmt":"2024-10-28T11:08:03","slug":"cinq-espaces-specifiques","status":"publish","type":"page","link":"https:\/\/www.euronaval.com\/fr\/temps-forts\/cinq-espaces-specifiques\/","title":{"rendered":"Cinq espaces sp\u00e9cifiques"},"content":{"rendered":"\t\t<div data-elementor-type=\"wp-page\" data-elementor-id=\"11458\" class=\"elementor elementor-11458 elementor-11193\" data-elementor-post-type=\"page\">\n\t\t\t\t\t\t<section class=\"elementor-section elementor-top-section elementor-element elementor-element-78759c2e elementor-section-full_width elementor-section-height-default elementor-section-height-default\" data-id=\"78759c2e\" data-element_type=\"section\" data-e-type=\"section\">\n\t\t\t\t\t\t\t<div class=\"elementor-background-overlay\"><\/div>\n\t\t\t\t\t\t\t<div class=\"elementor-container elementor-column-gap-default\">\n\t\t\t\t\t<div class=\"elementor-column elementor-col-100 elementor-top-column elementor-element elementor-element-60eea69e\" data-id=\"60eea69e\" data-element_type=\"column\" data-e-type=\"column\">\n\t\t\t<div class=\"elementor-widget-wrap elementor-element-populated\">\n\t\t\t\t<div class=\"elementor-element elementor-element-7e47200 e-flex e-con-boxed e-con e-parent\" data-id=\"7e47200\" data-element_type=\"container\" data-e-type=\"container\">\n\t\t\t\t\t<div class=\"e-con-inner\">\n\t\t<div class=\"elementor-element elementor-element-1cd2d80 e-con-full e-flex e-con e-child\" data-id=\"1cd2d80\" data-element_type=\"container\" data-e-type=\"container\">\n\t\t\t\t<div class=\"elementor-element elementor-element-af520b6 elementor-widget elementor-widget-image\" data-id=\"af520b6\" data-element_type=\"widget\" data-e-type=\"widget\" data-widget_type=\"image.default\">\n\t\t\t\t\t\t\t\t\t\t\t\t\t\t\t<img fetchpriority=\"high\" decoding=\"async\" width=\"800\" height=\"800\" src=\"https:\/\/www.euronaval.com\/wp-content\/uploads\/2024\/10\/1x9m76id.png\" class=\"attachment-large size-large wp-image-11689\" alt=\"\" srcset=\"https:\/\/www.euronaval.com\/wp-content\/uploads\/2024\/10\/1x9m76id.png 1024w, https:\/\/www.euronaval.com\/wp-content\/uploads\/2024\/10\/1x9m76id-300x300.png 300w, https:\/\/www.euronaval.com\/wp-content\/uploads\/2024\/10\/1x9m76id-150x150.png 150w, https:\/\/www.euronaval.com\/wp-content\/uploads\/2024\/10\/1x9m76id-768x768.png 768w\" sizes=\"(max-width: 800px) 100vw, 800px\" \/>\t\t\t\t\t\t\t\t\t\t\t\t\t\t\t<\/div>\n\t\t\t\t<div class=\"elementor-element elementor-element-f6c230c elementor-widget elementor-widget-text-editor\" data-id=\"f6c230c\" data-element_type=\"widget\" data-e-type=\"widget\" data-widget_type=\"text-editor.default\">\n\t\t\t\t\t\t\t\t\t<p><em>Source: G\u00e9n\u00e9r\u00e9e par IA<\/em><\/p>\n\t\t\t\t\t\t\t\t<\/div>\n\t\t\t\t<\/div>\n\t\t<div class=\"elementor-element elementor-element-de36691 e-con-full e-flex e-con e-child\" data-id=\"de36691\" data-element_type=\"container\" data-e-type=\"container\">\n\t\t\t\t<div class=\"elementor-element elementor-element-064085d elementor-widget elementor-widget-heading\" data-id=\"064085d\" data-element_type=\"widget\" data-e-type=\"widget\" data-widget_type=\"heading.default\">\n\t\t\t\t\t<h2 class=\"elementor-heading-title elementor-size-default\">Navy motion<\/h2>\t\t\t\t<\/div>\n\t\t\t\t<div class=\"elementor-element elementor-element-7c15b9f elementor-widget elementor-widget-text-editor\" data-id=\"7c15b9f\" data-element_type=\"widget\" data-e-type=\"widget\" data-widget_type=\"text-editor.default\">\n\t\t\t\t\t\t\t\t\t<p>D\u00e9velopp\u00e9 en partenariat avec la Marine Nationale, cet espace plongera les visiteurs dans l\u2019univers des op\u00e9rations navales au travers d\u2019une exp\u00e9rience visuelle au c\u0153ur des navires, des sous-marins, des a\u00e9ronefs et des commandos de la Marine Nationale.<\/p>\n<p class=\"text-build-content\">Que vous soyez un professionnel du secteur, un passionn\u00e9 de d\u00e9fense, ou simplement curieux d&rsquo;en apprendre plus sur les capacit\u00e9s navales, NAVY MOTION est une exp\u00e9rience \u00e0 ne pas manquer.<\/p>\n<p class=\"text-build-content\"><b>Rendez-vous dans l&rsquo;espace \u00ab\u00a0NAVY MOTION\u00a0\u00bb pour une exp\u00e9rience visuelle inoubliable, au c\u0153ur de l&rsquo;action.<\/b><\/p>\n\t\t\t\t\t\t\t\t<\/div>\n\t\t\t\t<\/div>\n\t\t\t\t\t<\/div>\n\t\t\t\t<\/div>\n\t\t<div class=\"elementor-element elementor-element-a2f51cc e-flex e-con-boxed e-con e-parent\" data-id=\"a2f51cc\" data-element_type=\"container\" data-e-type=\"container\">\n\t\t\t\t\t<div class=\"e-con-inner\">\n\t\t<div class=\"elementor-element elementor-element-f32ccaf e-con-full e-flex e-con e-child\" data-id=\"f32ccaf\" data-element_type=\"container\" data-e-type=\"container\">\n\t\t\t\t<div class=\"elementor-element elementor-element-337ed2c elementor-widget elementor-widget-image\" data-id=\"337ed2c\" data-element_type=\"widget\" data-e-type=\"widget\" data-widget_type=\"image.default\">\n\t\t\t\t\t\t\t\t\t\t\t\t\t\t\t<img decoding=\"async\" width=\"800\" height=\"800\" src=\"https:\/\/www.euronaval.com\/wp-content\/uploads\/2024\/09\/Zone-statique.webp\" class=\"attachment-large size-large wp-image-11408\" alt=\"\" srcset=\"https:\/\/www.euronaval.com\/wp-content\/uploads\/2024\/09\/Zone-statique.webp 1024w, https:\/\/www.euronaval.com\/wp-content\/uploads\/2024\/09\/Zone-statique-300x300.webp 300w, https:\/\/www.euronaval.com\/wp-content\/uploads\/2024\/09\/Zone-statique-150x150.webp 150w, https:\/\/www.euronaval.com\/wp-content\/uploads\/2024\/09\/Zone-statique-768x768.webp 768w\" sizes=\"(max-width: 800px) 100vw, 800px\" \/>\t\t\t\t\t\t\t\t\t\t\t\t\t\t\t<\/div>\n\t\t\t\t<div class=\"elementor-element elementor-element-e6cf584 elementor-widget elementor-widget-text-editor\" data-id=\"e6cf584\" data-element_type=\"widget\" data-e-type=\"widget\" data-widget_type=\"text-editor.default\">\n\t\t\t\t\t\t\t\t\t<p><em>Source: G\u00e9n\u00e9r\u00e9e par IA<\/em><\/p>\n\t\t\t\t\t\t\t\t<\/div>\n\t\t\t\t<\/div>\n\t\t<div class=\"elementor-element elementor-element-7fce1d5 e-con-full e-flex e-con e-child\" data-id=\"7fce1d5\" data-element_type=\"container\" data-e-type=\"container\">\n\t\t\t\t<div class=\"elementor-element elementor-element-ebd2f6e elementor-widget elementor-widget-heading\" data-id=\"ebd2f6e\" data-element_type=\"widget\" data-e-type=\"widget\" data-widget_type=\"heading.default\">\n\t\t\t\t\t<h2 class=\"elementor-heading-title elementor-size-default\">Showroom<\/h2>\t\t\t\t<\/div>\n\t\t\t\t<div class=\"elementor-element elementor-element-a8591c7 elementor-widget elementor-widget-text-editor\" data-id=\"a8591c7\" data-element_type=\"widget\" data-e-type=\"widget\" data-widget_type=\"text-editor.default\">\n\t\t\t\t\t\t\t\t\t<p>Le showroom est un lieu d\u2019exposition o\u00f9 vous pourrez retrouver des bateaux semi-rigides et un h\u00e9licopt\u00e8re Airbus \u00e0 l\u2019\u00e9chelle 1.<\/p>\n<p><span style=\"font-weight: bolder;\">Venez d\u00e9couvrir cet espace grandeur nature !<\/span><\/p>\n\t\t\t\t\t\t\t\t<\/div>\n\t\t\t\t<\/div>\n\t\t\t\t\t<\/div>\n\t\t\t\t<\/div>\n\t\t<div class=\"elementor-element elementor-element-036eb4e e-flex e-con-boxed e-con e-parent\" data-id=\"036eb4e\" data-element_type=\"container\" data-e-type=\"container\">\n\t\t\t\t\t<div class=\"e-con-inner\">\n\t\t<div class=\"elementor-element elementor-element-129d024 e-con-full e-flex e-con e-child\" data-id=\"129d024\" data-element_type=\"container\" data-e-type=\"container\">\n\t\t\t\t<div class=\"elementor-element elementor-element-1da5303 elementor-widget elementor-widget-image\" data-id=\"1da5303\" data-element_type=\"widget\" data-e-type=\"widget\" data-widget_type=\"image.default\">\n\t\t\t\t\t\t\t\t\t\t\t\t\t\t\t<img decoding=\"async\" width=\"800\" height=\"800\" src=\"https:\/\/www.euronaval.com\/wp-content\/uploads\/2024\/09\/Ewan-Lebourdais-photo-2.png\" class=\"attachment-large size-large wp-image-11528\" alt=\"\" srcset=\"https:\/\/www.euronaval.com\/wp-content\/uploads\/2024\/09\/Ewan-Lebourdais-photo-2.png 800w, https:\/\/www.euronaval.com\/wp-content\/uploads\/2024\/09\/Ewan-Lebourdais-photo-2-300x300.png 300w, https:\/\/www.euronaval.com\/wp-content\/uploads\/2024\/09\/Ewan-Lebourdais-photo-2-150x150.png 150w, https:\/\/www.euronaval.com\/wp-content\/uploads\/2024\/09\/Ewan-Lebourdais-photo-2-768x768.png 768w\" sizes=\"(max-width: 800px) 100vw, 800px\" \/>\t\t\t\t\t\t\t\t\t\t\t\t\t\t\t<\/div>\n\t\t\t\t<div class=\"elementor-element elementor-element-b84a045 elementor-widget elementor-widget-text-editor\" data-id=\"b84a045\" data-element_type=\"widget\" data-e-type=\"widget\" data-widget_type=\"text-editor.default\">\n\t\t\t\t\t\t\t\t\t<p><em>Cr\u00e9dit photo : Ewan Lebourdais<\/em><\/p>\n\t\t\t\t\t\t\t\t<\/div>\n\t\t\t\t<\/div>\n\t\t<div class=\"elementor-element elementor-element-fac7a7d e-con-full e-flex e-con e-child\" data-id=\"fac7a7d\" data-element_type=\"container\" data-e-type=\"container\">\n\t\t\t\t<div class=\"elementor-element elementor-element-8d9ac6c elementor-widget elementor-widget-heading\" data-id=\"8d9ac6c\" data-element_type=\"widget\" data-e-type=\"widget\" data-widget_type=\"heading.default\">\n\t\t\t\t\t<h2 class=\"elementor-heading-title elementor-size-default\">Neptune<\/h2>\t\t\t\t<\/div>\n\t\t\t\t<div class=\"elementor-element elementor-element-3747e88 elementor-widget elementor-widget-text-editor\" data-id=\"3747e88\" data-element_type=\"widget\" data-e-type=\"widget\" data-widget_type=\"text-editor.default\">\n\t\t\t\t\t\t\t\t\t<p style=\"margin: 0cm;\"><strong>Ewan LEBOURDAIS<\/strong>, Peintre officiel de la Marine (photographe), Brick  Dague, le r\u00e9seau des Commandos Marine actifs dans la vie civile et leurs partenaires lancent en 2024 une exposition de photographies artistiques baptis\u00e9e \u00ab NEPTUNE \u00bb, tir\u00e9e du livre \u00e9ponyme, publi\u00e9 en 2023 aux \u00e9ditions Odyss\u00e9es.<\/p>\n<p><\/p>\n<p style=\"margin: 0cm;\">Cette exposition, dont la direction artistique est confi\u00e9e \u00e0 Ewan LEBOURDAIS, permet de mettre en lumi\u00e8re le monde m\u00e9connu et discret des fusiliers marins et commandos marine \u00e0 travers une s\u00e9rie de 30 clich\u00e9s in\u00e9dits, captur\u00e9s en mission, en entra\u00eenement ou sur les bases militaires de Lorient et de Toulon.<\/p>\n<p style=\"margin: 0cm;\">Deux autres photographes issus des Commandos Marine, \u00ab LARGO \u00bb et Kellian BIER, s\u2019associent \u00e0 Ewan LEBOURDAIS dans cette aventure singuli\u00e8re pour faire d\u00e9couvrir leur monde si particulier. Un accent est notamment mis sur le commando Hubert et sur son interaction avec les sous-marins nucl\u00e9aires d\u2019attaque (SNA), vecteur pr\u00e9cieux et strat\u00e9gique dans la r\u00e9alisation d\u2019op\u00e9rations sous-marines ou amphibies. <\/p><p style=\"margin: 0cm;\"><br><\/p>\n<p style=\"margin: 0cm;\">\n<\/p><p style=\"margin: 0cm;\"><strong>Profitez de votre pr\u00e9s<\/strong><strong>ence au salon pour vous impr\u00e9gner des magnifiques photos d&rsquo;Erwan.<\/strong><\/p>\t\t\t\t\t\t\t\t<\/div>\n\t\t\t\t<\/div>\n\t\t\t\t\t<\/div>\n\t\t\t\t<\/div>\n\t\t<div class=\"elementor-element elementor-element-cbc8d5a e-flex e-con-boxed e-con e-parent\" data-id=\"cbc8d5a\" data-element_type=\"container\" data-e-type=\"container\">\n\t\t\t\t\t<div class=\"e-con-inner\">\n\t\t<div class=\"elementor-element elementor-element-f39a749 e-con-full e-flex e-con e-child\" data-id=\"f39a749\" data-element_type=\"container\" data-e-type=\"container\">\n\t\t\t\t<div class=\"elementor-element elementor-element-d2ef45d elementor-widget elementor-widget-image\" data-id=\"d2ef45d\" data-element_type=\"widget\" data-e-type=\"widget\" data-widget_type=\"image.default\">\n\t\t\t\t\t\t\t\t\t\t\t\t\t\t\t<img loading=\"lazy\" decoding=\"async\" width=\"800\" height=\"800\" src=\"https:\/\/www.euronaval.com\/wp-content\/uploads\/2024\/09\/Bookshop-EN.png\" class=\"attachment-large size-large wp-image-11414\" alt=\"\" srcset=\"https:\/\/www.euronaval.com\/wp-content\/uploads\/2024\/09\/Bookshop-EN.png 800w, https:\/\/www.euronaval.com\/wp-content\/uploads\/2024\/09\/Bookshop-EN-300x300.png 300w, https:\/\/www.euronaval.com\/wp-content\/uploads\/2024\/09\/Bookshop-EN-150x150.png 150w, https:\/\/www.euronaval.com\/wp-content\/uploads\/2024\/09\/Bookshop-EN-768x768.png 768w\" sizes=\"(max-width: 800px) 100vw, 800px\" \/>\t\t\t\t\t\t\t\t\t\t\t\t\t\t\t<\/div>\n\t\t\t\t<div class=\"elementor-element elementor-element-affc5b1 elementor-widget elementor-widget-text-editor\" data-id=\"affc5b1\" data-element_type=\"widget\" data-e-type=\"widget\" data-widget_type=\"text-editor.default\">\n\t\t\t\t\t\t\t\t\t<p><em>Source: G\u00e9n\u00e9r\u00e9e par IA<\/em><\/p>\n\t\t\t\t\t\t\t\t<\/div>\n\t\t\t\t<\/div>\n\t\t<div class=\"elementor-element elementor-element-a8c1b3a e-con-full e-flex e-con e-child\" data-id=\"a8c1b3a\" data-element_type=\"container\" data-e-type=\"container\">\n\t\t\t\t<div class=\"elementor-element elementor-element-796ef4f elementor-widget elementor-widget-heading\" data-id=\"796ef4f\" data-element_type=\"widget\" data-e-type=\"widget\" data-widget_type=\"heading.default\">\n\t\t\t\t\t<h2 class=\"elementor-heading-title elementor-size-default\"><h2 class=\"elementor-heading-title elementor-size-default elementor-inline-editing pen\" data-elementor-setting-key=\"title\" data-pen-placeholder=\"Type Here...\" style=\"font-family: var( --e-global-typography-primary-font-family ), Sans-serif;font-weight: var( --e-global-typography-primary-font-weight )\">Naval Bookshop<span style=\"color: var( --e-global-color-secondary );font-family: var( --e-global-typography-primary-font-family ), Sans-serif;font-size: 2rem;font-weight: var( --e-global-typography-primary-font-weight );text-align: var(--text-align)\"><\/span><\/h2><\/h2>\t\t\t\t<\/div>\n\t\t\t\t<div class=\"elementor-element elementor-element-97541a8 elementor-widget-tablet__width-initial elementor-widget elementor-widget-text-editor\" data-id=\"97541a8\" data-element_type=\"widget\" data-e-type=\"widget\" data-widget_type=\"text-editor.default\">\n\t\t\t\t\t\t\t\t\t<p style=\"letter-spacing: 0.4px;\">L\u2019art et la culture auront \u00e9galement leur place sur EURONAVAL Paris 2024 avec le NAVAL BOOKSHOP une librairie sp\u00e9cialis\u00e9e proposant un large choix d\u2019ouvrages maritimes et navals en fran\u00e7ais et pour la premi\u00e8re fois en anglais ainsi que des cartes marines du SHOM et un espace de vente d\u2019objets promotionnels.<\/p>\n<p style=\"letter-spacing: 0.4px;\">Que vous soyez \u00e0 la recherche d&rsquo;un livre technique, d&rsquo;un r\u00e9cit inspirant, ou d&rsquo;une exploration historique, le \u00ab\u00a0Naval Bookshop\u00a0\u00bb vous offre une opportunit\u00e9 unique de d\u00e9couvrir les derni\u00e8res publications ainsi que des \u0153uvres incontournables du domaine.<\/p>\n<p style=\"letter-spacing: 0.4px;\">Des s\u00e9ances de d\u00e9dicaces seront organis\u00e9es, et vous aurez le plaisir de rencontrer les auteurs dont les livres traitent de l&rsquo;environnement naval et maritime :&nbsp;<\/p>\n<ul>\n<li><strong>Lundi 4 novembre, de 12h30 \u00e0 14h30<\/strong>\n<ul>\n<li><strong>Bruno Fuligni<\/strong> &#8211; Atlas secret du renseignement<br><br><\/li>\n<\/ul>\n<\/li>\n<li><strong>Lundi 4 novembre, de 13h00 \u00e0 15h00<\/strong>\n<ul>\n<li><strong>Robert Sol\u00e9<\/strong> &#8211; Suez, histoire d&rsquo;un canal \u00e0 la crois\u00e9e des mondes<br><br><\/li>\n<\/ul>\n<\/li>\n<li><span style=\"font-weight: bolder;\">Lundi 4 novembre de 15h30 \u00e0 17h<\/span>\n<ul>\n<li><strong>L\u00e9o P\u00e9ria-Peign\u00e9 <\/strong>&#8211; G\u00e9opolitique de l&rsquo;armement<br><strong><br><\/strong><\/li>\n<\/ul>\n<\/li>\n<li><span style=\"font-weight: bolder;\">Lundi 4 novembre, de 16h00 \u00e0 17h30<\/span>\n<ul>\n<li><strong>Nathalie Gourdin<\/strong> &#8211; Affronter l&rsquo;incertitude<br><br><\/li>\n<\/ul>\n<\/li>\n<li><strong>Mardi 5 novembre, de 15h00 \u00e0 17h00<\/strong>\n<ul>\n<li><strong>Ewan Lebourdais <\/strong>&#8211; Sub L&rsquo;Immersion<br><br><\/li>\n<\/ul>\n<\/li>\n<li><strong>Mercredi 6 novembre, de 12h30 \u00e0 14h30<\/strong>\n<ul>\n<li><strong>Bernard Rogel<\/strong> &#8211; La Jeanne d&rsquo;Arc et Un marin \u00e0 l&rsquo;Elys\u00e9e<\/li>\n<li><strong>Cyrille Poirier-Coutansais<\/strong> &#8211; <span class=\"ui-provider a b c d e f g h i j k l m n o p q r s t u v w x y z ab ac ae af ag ah ai aj ak\" dir=\"ltr\"><span data-teams=\"true\"><span data-teams=\"true\">La mer, une infographie et L&#8217;empire des mers : Atlas historique de la France maritime<br><br><\/span><\/span><\/span><\/li>\n<\/ul>\n<\/li>\n<li><strong>Mercredi 6 novembre de 14h00 \u00e0 16h00<\/strong>\n<ul>\n<li><strong>Pascal-Rapha\u00ebl Ambrogi<\/strong> &#8211; <span class=\"ui-provider a b c d e f g h i j k l m n o p q r s t u v w x y z ab ac ae af ag ah ai aj ak\" dir=\"ltr\"><span class=\"ui-provider a b c d e f g h i j k l m n o p q r s t u v w x y z ab ac ae af ag ah ai aj ak\" dir=\"ltr\"><span class=\"ui-provider a b c d e f g h i j k l m n o p q r s t u v w x y z ab ac ae af ag ah ai aj ak\" dir=\"ltr\">Dictionnaire culturel de la mer et de la marine<br><br><\/span><\/span><\/span><\/li>\n<\/ul>\n<\/li>\n<li><span style=\"font-weight: bolder;\">Mercredi 6 novembre, toute la journ\u00e9e<\/span>\n<ul>\n<li><strong>G\u00e9rard Lo Monaco<\/strong> &#8211; Un voyage en mer<br><br><\/li>\n<\/ul>\n<\/li>\n<li><span style=\"font-weight: bolder;\">Jeudi 7 novembre, de 10h30 \u00e0 12h30<\/span>\n<ul>\n<li><strong>Nicolas Mazzuchi<\/strong> &#8211;<span class=\"ui-provider a b c d e f g h i j k l m n o p q r s t u v w x y z ab ac ae af ag ah ai aj ak\" dir=\"ltr\"><span class=\"ui-provider a b c d e f g h i j k l m n o p q r s t u v w x y z ab ac ae af ag ah ai aj ak\" dir=\"ltr\"><span class=\"ui-provider a b c d e f g h i j k l m n o p q r s t u v w x y z ab ac ae af ag ah ai aj ak\" dir=\"ltr\"> La confrontation en mer : l&rsquo;avenir de la strat\u00e9gie navale<\/span><\/span><\/span><br><br><\/li>\n<\/ul>\n<\/li>\n<\/ul>\n<p style=\"letter-spacing: 0.4px;\"><span style=\"font-weight: bold; letter-spacing: 0.4px; text-align: var(--text-align); font-size: 1rem;\">Nous vous invitons \u00e0 visiter cet espace pour d\u00e9couvrir de nouveaux auteurs, et repartir avec des ouvrages qui enrichiront votre vision du monde maritime.<\/span><\/p>\t\t\t\t\t\t\t\t<\/div>\n\t\t\t\t<\/div>\n\t\t\t\t\t<\/div>\n\t\t\t\t<\/div>\n\t\t<div class=\"elementor-element elementor-element-4678aed e-flex e-con-boxed e-con e-parent\" data-id=\"4678aed\" data-element_type=\"container\" data-e-type=\"container\">\n\t\t\t\t\t<div class=\"e-con-inner\">\n\t\t<div class=\"elementor-element elementor-element-369a8e9 e-con-full e-flex e-con e-child\" data-id=\"369a8e9\" data-element_type=\"container\" data-e-type=\"container\">\n\t\t\t\t<div class=\"elementor-element elementor-element-b673cf5 elementor-widget elementor-widget-image\" data-id=\"b673cf5\" data-element_type=\"widget\" data-e-type=\"widget\" data-widget_type=\"image.default\">\n\t\t\t\t\t\t\t\t\t\t\t\t\t\t\t<img loading=\"lazy\" decoding=\"async\" width=\"500\" height=\"500\" src=\"https:\/\/www.euronaval.com\/wp-content\/uploads\/2024\/10\/Espace-TalentWave-CINav.png\" class=\"attachment-large size-large wp-image-11694\" alt=\"\" srcset=\"https:\/\/www.euronaval.com\/wp-content\/uploads\/2024\/10\/Espace-TalentWave-CINav.png 500w, https:\/\/www.euronaval.com\/wp-content\/uploads\/2024\/10\/Espace-TalentWave-CINav-300x300.png 300w, https:\/\/www.euronaval.com\/wp-content\/uploads\/2024\/10\/Espace-TalentWave-CINav-150x150.png 150w\" sizes=\"(max-width: 500px) 100vw, 500px\" \/>\t\t\t\t\t\t\t\t\t\t\t\t\t\t\t<\/div>\n\t\t\t\t<div class=\"elementor-element elementor-element-f5d6b58 elementor-widget elementor-widget-text-editor\" data-id=\"f5d6b58\" data-element_type=\"widget\" data-e-type=\"widget\" data-widget_type=\"text-editor.default\">\n\t\t\t\t\t\t\t\t\t<p><em>Source: site web du CINav<\/em><\/p>\n\t\t\t\t\t\t\t\t<\/div>\n\t\t\t\t<\/div>\n\t\t<div class=\"elementor-element elementor-element-c4ea816 e-con-full e-flex e-con e-child\" data-id=\"c4ea816\" data-element_type=\"container\" data-e-type=\"container\">\n\t\t\t\t<div class=\"elementor-element elementor-element-80d65ae elementor-widget elementor-widget-heading\" data-id=\"80d65ae\" data-element_type=\"widget\" data-e-type=\"widget\" data-widget_type=\"heading.default\">\n\t\t\t\t\t<h2 class=\"elementor-heading-title elementor-size-default\">TalentWave<\/h2>\t\t\t\t<\/div>\n\t\t\t\t<div class=\"elementor-element elementor-element-f7bf2b6 elementor-widget elementor-widget-text-editor\" data-id=\"f7bf2b6\" data-element_type=\"widget\" data-e-type=\"widget\" data-widget_type=\"text-editor.default\">\n\t\t\t\t\t\t\t\t\t<p>TalentWave, l\u2019espace d\u00e9di\u00e9 \u00e0 l\u2019attractivit\u00e9 et \u00e0 la formation nouvelle g\u00e9n\u00e9ration !<\/p>\n<p><\/p>\n<p>En partenariat avec le CINav, cet espace s\u2019adresse aux entreprises proposant des technologies \u00e9ducatives innovantes, aux prestataires de services de formations sp\u00e9cialis\u00e9es, aux d\u00e9veloppeurs de solutions de r\u00e9alit\u00e9 virtuelle pour l\u2019\u00e9ducation et aux organismes de certifications et formations continue.<\/p>\n<p><b>C&rsquo;est une opportunit\u00e9 unique pour participer \u00e0 la transformation de la formation et l&rsquo;attractivit\u00e9 des talents dans l&rsquo;industrie navale !<\/b><\/p>\t\t\t\t\t\t\t\t<\/div>\n\t\t\t\t<\/div>\n\t\t\t\t\t<\/div>\n\t\t\t\t<\/div>\n\t\t\t\t<div class=\"elementor-element elementor-element-0d2c48b elementor-align-center elementor-widget elementor-widget-button\" data-id=\"0d2c48b\" data-element_type=\"widget\" data-e-type=\"widget\" data-widget_type=\"button.default\">\n\t\t\t\t\t\t\t\t\t\t<a class=\"elementor-button elementor-button-link elementor-size-sm\" href=\"https:\/\/euronaval.mybadgeonline.com\/Vis-Login\" target=\"_blank\">\n\t\t\t\t\t\t<span class=\"elementor-button-content-wrapper\">\n\t\t\t\t\t\t\t\t\t<span class=\"elementor-button-text\">Je prends mon badge<\/span>\n\t\t\t\t\t<\/span>\n\t\t\t\t\t<\/a>\n\t\t\t\t\t\t\t\t<\/div>\n\t\t\t\t\t<\/div>\n\t\t<\/div>\n\t\t\t\t\t<\/div>\n\t\t<\/section>\n\t\t\t\t<section class=\"elementor-section elementor-top-section elementor-element elementor-element-8836420 elementor-section-full_width elementor-section-height-default elementor-section-height-default\" data-id=\"8836420\" data-element_type=\"section\" data-e-type=\"section\">\n\t\t\t\t\t\t<div class=\"elementor-container elementor-column-gap-default\">\n\t\t\t\t\t<div class=\"elementor-column elementor-col-100 elementor-top-column elementor-element elementor-element-5857242\" data-id=\"5857242\" data-element_type=\"column\" data-e-type=\"column\">\n\t\t\t<div class=\"elementor-widget-wrap elementor-element-populated\">\n\t\t\t\t\t\t<div class=\"elementor-element elementor-element-9b7d712 elementor-widget elementor-widget-heading\" data-id=\"9b7d712\" data-element_type=\"widget\" data-e-type=\"widget\" data-widget_type=\"heading.default\">\n\t\t\t\t\t<h3 class=\"elementor-heading-title elementor-size-default\">Vous avez besoin de plus d'informations ?<\/h3>\t\t\t\t<\/div>\n\t\t\t\t\t<\/div>\n\t\t<\/div>\n\t\t\t\t\t<\/div>\n\t\t<\/section>\n\t\t\t\t<\/div>\n\t\t","protected":false},"excerpt":{"rendered":"<p>Source: G\u00e9n\u00e9r\u00e9e par IA Navy motion D\u00e9velopp\u00e9 en partenariat avec la Marine Nationale, cet espace plongera les visiteurs dans l\u2019univers des op\u00e9rations navales au travers d\u2019une exp\u00e9rience visuelle au c\u0153ur des navires, des sous-marins, des a\u00e9ronefs et des commandos de la Marine Nationale. Que vous soyez un professionnel du secteur, un passionn\u00e9 de d\u00e9fense, ou [&hellip;]<\/p>\n","protected":false},"author":1,"featured_media":0,"parent":4005,"menu_order":0,"comment_status":"closed","ping_status":"closed","template":"","meta":{"_acf_changed":false,"footnotes":"","_links_to":"","_links_to_target":""},"class_list":["post-11458","page","type-page","status-publish","hentry"],"acf":[],"yoast_head":"<!-- This site is optimized with the Yoast SEO plugin v27.4 - https:\/\/yoast.com\/product\/yoast-seo-wordpress\/ -->\n<title>Euronaval 2024 - Cinq espaces sp\u00e9cifiques<\/title>\n<meta name=\"description\" content=\"D\u00e9couvrez les cinq nouveaux espaces sp\u00e9cifiques d&#039;EURONAVAL : Navy Motion, Showroom, Neptune, Naval Bookshop et TalentWave.\" \/>\n<meta name=\"robots\" content=\"index, follow, max-snippet:-1, max-image-preview:large, max-video-preview:-1\" \/>\n<link rel=\"canonical\" href=\"https:\/\/www.euronaval.com\/fr\/temps-forts\/cinq-espaces-specifiques\/\" \/>\n<meta property=\"og:locale\" content=\"fr_FR\" \/>\n<meta property=\"og:type\" content=\"article\" \/>\n<meta property=\"og:title\" content=\"Euronaval 2024 - Cinq espaces sp\u00e9cifiques\" \/>\n<meta property=\"og:description\" content=\"D\u00e9couvrez les cinq nouveaux espaces sp\u00e9cifiques d&#039;EURONAVAL : Navy Motion, Showroom, Neptune, Naval Bookshop et TalentWave.\" \/>\n<meta property=\"og:url\" content=\"https:\/\/www.euronaval.com\/fr\/temps-forts\/cinq-espaces-specifiques\/\" \/>\n<meta property=\"og:site_name\" content=\"Euronaval\" \/>\n<meta property=\"article:publisher\" content=\"https:\/\/www.facebook.com\/people\/Euronaval\/100063477820109\/\" \/>\n<meta property=\"article:modified_time\" content=\"2024-10-28T11:08:03+00:00\" \/>\n<meta property=\"og:image\" content=\"https:\/\/www.euronaval.fr\/wp-content\/uploads\/2024\/10\/1x9m76id.png\" \/>\n<meta name=\"twitter:card\" content=\"summary_large_image\" \/>\n<meta name=\"twitter:site\" content=\"@SalonEuronaval\" \/>\n<meta name=\"twitter:label1\" content=\"Dur\u00e9e de lecture estim\u00e9e\" \/>\n\t<meta name=\"twitter:data1\" content=\"5 minutes\" \/>\n<script type=\"application\/ld+json\" class=\"yoast-schema-graph\">{\"@context\":\"https:\\\/\\\/schema.org\",\"@graph\":[{\"@type\":\"WebPage\",\"@id\":\"https:\\\/\\\/www.euronaval.com\\\/fr\\\/temps-forts\\\/cinq-espaces-specifiques\\\/\",\"url\":\"https:\\\/\\\/www.euronaval.com\\\/fr\\\/temps-forts\\\/cinq-espaces-specifiques\\\/\",\"name\":\"Euronaval 2024 - Cinq espaces sp\u00e9cifiques\",\"isPartOf\":{\"@id\":\"https:\\\/\\\/www.euronaval.com\\\/fr\\\/#website\"},\"primaryImageOfPage\":{\"@id\":\"https:\\\/\\\/www.euronaval.com\\\/fr\\\/temps-forts\\\/cinq-espaces-specifiques\\\/#primaryimage\"},\"image\":{\"@id\":\"https:\\\/\\\/www.euronaval.com\\\/fr\\\/temps-forts\\\/cinq-espaces-specifiques\\\/#primaryimage\"},\"thumbnailUrl\":\"https:\\\/\\\/www.euronaval.fr\\\/wp-content\\\/uploads\\\/2024\\\/10\\\/1x9m76id.png\",\"datePublished\":\"2024-09-24T12:26:31+00:00\",\"dateModified\":\"2024-10-28T11:08:03+00:00\",\"description\":\"D\u00e9couvrez les cinq nouveaux espaces sp\u00e9cifiques d'EURONAVAL : Navy Motion, Showroom, Neptune, Naval Bookshop et TalentWave.\",\"breadcrumb\":{\"@id\":\"https:\\\/\\\/www.euronaval.com\\\/fr\\\/temps-forts\\\/cinq-espaces-specifiques\\\/#breadcrumb\"},\"inLanguage\":\"fr-FR\",\"potentialAction\":[{\"@type\":\"ReadAction\",\"target\":[\"https:\\\/\\\/www.euronaval.com\\\/fr\\\/temps-forts\\\/cinq-espaces-specifiques\\\/\"]}]},{\"@type\":\"ImageObject\",\"inLanguage\":\"fr-FR\",\"@id\":\"https:\\\/\\\/www.euronaval.com\\\/fr\\\/temps-forts\\\/cinq-espaces-specifiques\\\/#primaryimage\",\"url\":\"https:\\\/\\\/www.euronaval.fr\\\/wp-content\\\/uploads\\\/2024\\\/10\\\/1x9m76id.png\",\"contentUrl\":\"https:\\\/\\\/www.euronaval.fr\\\/wp-content\\\/uploads\\\/2024\\\/10\\\/1x9m76id.png\"},{\"@type\":\"BreadcrumbList\",\"@id\":\"https:\\\/\\\/www.euronaval.com\\\/fr\\\/temps-forts\\\/cinq-espaces-specifiques\\\/#breadcrumb\",\"itemListElement\":[{\"@type\":\"ListItem\",\"position\":1,\"name\":\"Accueil\",\"item\":\"https:\\\/\\\/www.euronaval.com\\\/fr\\\/\"},{\"@type\":\"ListItem\",\"position\":2,\"name\":\"Temps forts\",\"item\":\"https:\\\/\\\/www.euronaval.com\\\/fr\\\/temps-forts\\\/\"},{\"@type\":\"ListItem\",\"position\":3,\"name\":\"Cinq espaces sp\u00e9cifiques\"}]},{\"@type\":\"WebSite\",\"@id\":\"https:\\\/\\\/www.euronaval.com\\\/fr\\\/#website\",\"url\":\"https:\\\/\\\/www.euronaval.com\\\/fr\\\/\",\"name\":\"Euronaval\",\"description\":\"The World Naval Defense Exhibition\",\"publisher\":{\"@id\":\"https:\\\/\\\/www.euronaval.com\\\/fr\\\/#organization\"},\"potentialAction\":[{\"@type\":\"SearchAction\",\"target\":{\"@type\":\"EntryPoint\",\"urlTemplate\":\"https:\\\/\\\/www.euronaval.com\\\/fr\\\/?s={search_term_string}\"},\"query-input\":{\"@type\":\"PropertyValueSpecification\",\"valueRequired\":true,\"valueName\":\"search_term_string\"}}],\"inLanguage\":\"fr-FR\"},{\"@type\":\"Organization\",\"@id\":\"https:\\\/\\\/www.euronaval.com\\\/fr\\\/#organization\",\"name\":\"Euronaval\",\"url\":\"https:\\\/\\\/www.euronaval.com\\\/fr\\\/\",\"logo\":{\"@type\":\"ImageObject\",\"inLanguage\":\"fr-FR\",\"@id\":\"https:\\\/\\\/www.euronaval.com\\\/fr\\\/#\\\/schema\\\/logo\\\/image\\\/\",\"url\":\"https:\\\/\\\/www.euronaval.com\\\/wp-content\\\/uploads\\\/2023\\\/06\\\/cropped-logo-euronaval-1.png\",\"contentUrl\":\"https:\\\/\\\/www.euronaval.com\\\/wp-content\\\/uploads\\\/2023\\\/06\\\/cropped-logo-euronaval-1.png\",\"width\":307,\"height\":29,\"caption\":\"Euronaval\"},\"image\":{\"@id\":\"https:\\\/\\\/www.euronaval.com\\\/fr\\\/#\\\/schema\\\/logo\\\/image\\\/\"},\"sameAs\":[\"https:\\\/\\\/www.facebook.com\\\/people\\\/Euronaval\\\/100063477820109\\\/\",\"https:\\\/\\\/x.com\\\/SalonEuronaval\",\"https:\\\/\\\/www.linkedin.com\\\/company\\\/euronaval\\\/\",\"https:\\\/\\\/www.youtube.com\\\/@euronaval8981\"]}]}<\/script>\n<!-- \/ Yoast SEO plugin. -->","yoast_head_json":{"title":"Euronaval 2024 - Cinq espaces sp\u00e9cifiques","description":"D\u00e9couvrez les cinq nouveaux espaces sp\u00e9cifiques d'EURONAVAL : Navy Motion, Showroom, Neptune, Naval Bookshop et TalentWave.","robots":{"index":"index","follow":"follow","max-snippet":"max-snippet:-1","max-image-preview":"max-image-preview:large","max-video-preview":"max-video-preview:-1"},"canonical":"https:\/\/www.euronaval.com\/fr\/temps-forts\/cinq-espaces-specifiques\/","og_locale":"fr_FR","og_type":"article","og_title":"Euronaval 2024 - Cinq espaces sp\u00e9cifiques","og_description":"D\u00e9couvrez les cinq nouveaux espaces sp\u00e9cifiques d'EURONAVAL : Navy Motion, Showroom, Neptune, Naval Bookshop et TalentWave.","og_url":"https:\/\/www.euronaval.com\/fr\/temps-forts\/cinq-espaces-specifiques\/","og_site_name":"Euronaval","article_publisher":"https:\/\/www.facebook.com\/people\/Euronaval\/100063477820109\/","article_modified_time":"2024-10-28T11:08:03+00:00","og_image":[{"url":"https:\/\/www.euronaval.fr\/wp-content\/uploads\/2024\/10\/1x9m76id.png","type":"","width":"","height":""}],"twitter_card":"summary_large_image","twitter_site":"@SalonEuronaval","twitter_misc":{"Dur\u00e9e de lecture estim\u00e9e":"5 minutes"},"schema":{"@context":"https:\/\/schema.org","@graph":[{"@type":"WebPage","@id":"https:\/\/www.euronaval.com\/fr\/temps-forts\/cinq-espaces-specifiques\/","url":"https:\/\/www.euronaval.com\/fr\/temps-forts\/cinq-espaces-specifiques\/","name":"Euronaval 2024 - Cinq espaces sp\u00e9cifiques","isPartOf":{"@id":"https:\/\/www.euronaval.com\/fr\/#website"},"primaryImageOfPage":{"@id":"https:\/\/www.euronaval.com\/fr\/temps-forts\/cinq-espaces-specifiques\/#primaryimage"},"image":{"@id":"https:\/\/www.euronaval.com\/fr\/temps-forts\/cinq-espaces-specifiques\/#primaryimage"},"thumbnailUrl":"https:\/\/www.euronaval.fr\/wp-content\/uploads\/2024\/10\/1x9m76id.png","datePublished":"2024-09-24T12:26:31+00:00","dateModified":"2024-10-28T11:08:03+00:00","description":"D\u00e9couvrez les cinq nouveaux espaces sp\u00e9cifiques d'EURONAVAL : Navy Motion, Showroom, Neptune, Naval Bookshop et TalentWave.","breadcrumb":{"@id":"https:\/\/www.euronaval.com\/fr\/temps-forts\/cinq-espaces-specifiques\/#breadcrumb"},"inLanguage":"fr-FR","potentialAction":[{"@type":"ReadAction","target":["https:\/\/www.euronaval.com\/fr\/temps-forts\/cinq-espaces-specifiques\/"]}]},{"@type":"ImageObject","inLanguage":"fr-FR","@id":"https:\/\/www.euronaval.com\/fr\/temps-forts\/cinq-espaces-specifiques\/#primaryimage","url":"https:\/\/www.euronaval.fr\/wp-content\/uploads\/2024\/10\/1x9m76id.png","contentUrl":"https:\/\/www.euronaval.fr\/wp-content\/uploads\/2024\/10\/1x9m76id.png"},{"@type":"BreadcrumbList","@id":"https:\/\/www.euronaval.com\/fr\/temps-forts\/cinq-espaces-specifiques\/#breadcrumb","itemListElement":[{"@type":"ListItem","position":1,"name":"Accueil","item":"https:\/\/www.euronaval.com\/fr\/"},{"@type":"ListItem","position":2,"name":"Temps forts","item":"https:\/\/www.euronaval.com\/fr\/temps-forts\/"},{"@type":"ListItem","position":3,"name":"Cinq espaces sp\u00e9cifiques"}]},{"@type":"WebSite","@id":"https:\/\/www.euronaval.com\/fr\/#website","url":"https:\/\/www.euronaval.com\/fr\/","name":"Euronaval","description":"The World Naval Defense Exhibition","publisher":{"@id":"https:\/\/www.euronaval.com\/fr\/#organization"},"potentialAction":[{"@type":"SearchAction","target":{"@type":"EntryPoint","urlTemplate":"https:\/\/www.euronaval.com\/fr\/?s={search_term_string}"},"query-input":{"@type":"PropertyValueSpecification","valueRequired":true,"valueName":"search_term_string"}}],"inLanguage":"fr-FR"},{"@type":"Organization","@id":"https:\/\/www.euronaval.com\/fr\/#organization","name":"Euronaval","url":"https:\/\/www.euronaval.com\/fr\/","logo":{"@type":"ImageObject","inLanguage":"fr-FR","@id":"https:\/\/www.euronaval.com\/fr\/#\/schema\/logo\/image\/","url":"https:\/\/www.euronaval.com\/wp-content\/uploads\/2023\/06\/cropped-logo-euronaval-1.png","contentUrl":"https:\/\/www.euronaval.com\/wp-content\/uploads\/2023\/06\/cropped-logo-euronaval-1.png","width":307,"height":29,"caption":"Euronaval"},"image":{"@id":"https:\/\/www.euronaval.com\/fr\/#\/schema\/logo\/image\/"},"sameAs":["https:\/\/www.facebook.com\/people\/Euronaval\/100063477820109\/","https:\/\/x.com\/SalonEuronaval","https:\/\/www.linkedin.com\/company\/euronaval\/","https:\/\/www.youtube.com\/@euronaval8981"]}]}},"_links":{"self":[{"href":"https:\/\/www.euronaval.com\/fr\/wp-json\/wp\/v2\/pages\/11458","targetHints":{"allow":["GET"]}}],"collection":[{"href":"https:\/\/www.euronaval.com\/fr\/wp-json\/wp\/v2\/pages"}],"about":[{"href":"https:\/\/www.euronaval.com\/fr\/wp-json\/wp\/v2\/types\/page"}],"author":[{"embeddable":true,"href":"https:\/\/www.euronaval.com\/fr\/wp-json\/wp\/v2\/users\/1"}],"replies":[{"embeddable":true,"href":"https:\/\/www.euronaval.com\/fr\/wp-json\/wp\/v2\/comments?post=11458"}],"version-history":[{"count":5,"href":"https:\/\/www.euronaval.com\/fr\/wp-json\/wp\/v2\/pages\/11458\/revisions"}],"predecessor-version":[{"id":12134,"href":"https:\/\/www.euronaval.com\/fr\/wp-json\/wp\/v2\/pages\/11458\/revisions\/12134"}],"up":[{"embeddable":true,"href":"https:\/\/www.euronaval.com\/fr\/wp-json\/wp\/v2\/pages\/4005"}],"wp:attachment":[{"href":"https:\/\/www.euronaval.com\/fr\/wp-json\/wp\/v2\/media?parent=11458"}],"curies":[{"name":"wp","href":"https:\/\/api.w.org\/{rel}","templated":true}]}}