{"id":1469,"date":"2023-06-05T15:59:37","date_gmt":"2023-06-05T13:59:37","guid":{"rendered":"https:\/\/rcpt.euronaval.fr\/politique-de-rse\/"},"modified":"2025-11-24T16:31:33","modified_gmt":"2025-11-24T15:31:33","slug":"politique-de-rse","status":"publish","type":"page","link":"https:\/\/www.euronaval.com\/fr\/politique-de-rse\/","title":{"rendered":"Notre engagement RSE"},"content":{"rendered":"\t\t<div data-elementor-type=\"wp-page\" data-elementor-id=\"1469\" class=\"elementor elementor-1469 elementor-1420\" data-elementor-post-type=\"page\">\n\t\t\t\t<div class=\"elementor-element elementor-element-b690119 e-con-full e-flex e-con e-parent\" data-id=\"b690119\" data-element_type=\"container\" data-e-type=\"container\" data-settings=\"{&quot;background_background&quot;:&quot;classic&quot;}\">\n\t\t<div class=\"elementor-element elementor-element-9b35e99 e-flex e-con-boxed e-con e-child\" data-id=\"9b35e99\" data-element_type=\"container\" data-e-type=\"container\">\n\t\t\t\t\t<div class=\"e-con-inner\">\n\t\t<div class=\"elementor-element elementor-element-b8b55f3 e-con-full e-flex e-con e-child\" data-id=\"b8b55f3\" data-element_type=\"container\" data-e-type=\"container\">\n\t\t\t\t<\/div>\n\t\t\t\t\t<\/div>\n\t\t\t\t<\/div>\n\t\t\t\t<\/div>\n\t\t<div class=\"elementor-element elementor-element-05833f0 e-flex e-con-boxed e-con e-parent\" data-id=\"05833f0\" data-element_type=\"container\" data-e-type=\"container\">\n\t\t\t\t\t<div class=\"e-con-inner\">\n\t\t\t\t<div class=\"elementor-element elementor-element-fbd8841 elementor-widget__width-initial elementor-widget elementor-widget-text-editor\" data-id=\"fbd8841\" data-element_type=\"widget\" data-e-type=\"widget\" data-settings=\"{&quot;motion_fx_motion_fx_scrolling&quot;:&quot;yes&quot;,&quot;motion_fx_devices&quot;:[&quot;desktop&quot;,&quot;tablet&quot;,&quot;mobile&quot;]}\" data-widget_type=\"text-editor.default\">\n\t\t\t\t\t\t\t\t\t<p>Consciente des enjeux environnementaux, soci\u00e9taux et \u00e9conomiques actuels, SOGENA a souhait\u00e9 s\u2019engager dans une politique de Responsabilit\u00e9 Soci\u00e9tale d\u2019Entreprise.<br>Sogena structure ses engagements autour de 4 objectifs compl\u00e9mentaires, qui serviront de socles \u00e0 sa politique RSE pour les ann\u00e9es \u00e0 venir.<\/p>\t\t\t\t\t\t\t\t<\/div>\n\t\t<div class=\"elementor-element elementor-element-e55c942 e-con-full e-flex e-con e-child\" data-id=\"e55c942\" data-element_type=\"container\" data-e-type=\"container\">\n\t\t<div class=\"elementor-element elementor-element-f52765a e-con-full e-flex e-con e-child\" data-id=\"f52765a\" data-element_type=\"container\" data-e-type=\"container\">\n\t\t\t\t<div class=\"elementor-element elementor-element-ae41111 elementor-widget elementor-widget-text-editor\" data-id=\"ae41111\" data-element_type=\"widget\" data-e-type=\"widget\" data-widget_type=\"text-editor.default\">\n\t\t\t\t\t\t\t\t\t<strong>Objectif 1 : Mobiliser les fournisseurs et prestataires via une politique d\u2019achat responsable.\n<\/strong>La majorit\u00e9 des impacts sur site sont li\u00e9s \u00e0 des prestations d\u00e9l\u00e9gu\u00e9es \u00e0 des fournisseurs (ex. am\u00e9nagement, nettoyage, impression&#8230;). Sogena souhaite impliquer ses prestataires dans sa politique RSE en garantissant la qualit\u00e9 environnementale et soci\u00e9tale des produits et services propos\u00e9s.\n\n<strong>Objectif 2 : Accompagner les d\u00e9marches RSE des exposants dans l\u2019am\u00e9nagement et l\u2019animation de leur stand..\n<\/strong>La construction des diff\u00e9rents stands repr\u00e9sente un impact environnemental non-n\u00e9gligeable. Sogena souhaite encourager l&rsquo;\u00e9co-conception des am\u00e9nagements, sous la responsabilit\u00e9 de chaque exposant, en mettant \u00e0 disposition des outils et services sp\u00e9cifiques.\n\t\t\t\t\t\t\t\t<\/div>\n\t\t\t\t<\/div>\n\t\t<div class=\"elementor-element elementor-element-4b2000b e-con-full e-flex e-con e-child\" data-id=\"4b2000b\" data-element_type=\"container\" data-e-type=\"container\">\n\t\t\t\t<div class=\"elementor-element elementor-element-91e1ed6 elementor-widget elementor-widget-text-editor\" data-id=\"91e1ed6\" data-element_type=\"widget\" data-e-type=\"widget\" data-widget_type=\"text-editor.default\">\n\t\t\t\t\t\t\t\t\t<p><strong>Objectif 3 : Impliquer et sensibiliser les collaborateurs \u00e0 la politique RSE.<br><\/strong> Pour \u00eatre r\u00e9ussie, la politique RSE doit \u00eatre partag\u00e9e. Sogena encourage tous ses collaborateurs permanents et temporaires \u00e0 participer \u00e0 ce projet d\u2019entreprise.<\/p><p><strong>Objectif 4 : Analyser et optimiser les impacts environnementaux de nos activit\u00e9s <\/strong><\/p><p>Tous concern\u00e9s, tous impliqu\u00e9s ! Pour toutes questions, remarques ou besoins concernant la politique RSE de Sogena, nous vous invitons \u00e0 contacter : <a href=\"mailto:rse@euronaval.fr\">rse@sogena-events.com<\/a><\/p><p><br><a href=\"https:\/\/www.euronaval.com\/guide\/guide_en.pdf\" target=\"_blank\" rel=\"noopener\">Pour le lancement de sa politique RSE, Sogena met \u00e0 la disposition de ses exposants le guide RSE en libre t\u00e9l\u00e9chargement. Cliquez ici<\/a><\/p>\t\t\t\t\t\t\t\t<\/div>\n\t\t\t\t<\/div>\n\t\t\t\t<\/div>\n\t\t\t\t<div class=\"elementor-element elementor-element-2af4e15 elementor-widget elementor-widget-eael-creative-button\" data-id=\"2af4e15\" data-element_type=\"widget\" data-e-type=\"widget\" data-widget_type=\"eael-creative-button.default\">\n\t\t\t\t\t        <div class=\"eael-creative-button-wrapper\">\n\n            <a class=\"eael-creative-button eael-creative-button--wayra eael-cb-icon-position-\" href=\"https:\/\/www.calameo.com\/read\/005258539a481e07b2dbf\" target=\"_blank\" data-text=\"Aller!\">\n            \t    \n                <div class=\"creative-button-inner\">\n\n                    \n                    <span class=\"cretive-button-text\">Guide RSE<\/span>\n\n                                    <\/div>\n\t                        <\/a>\n        <\/div>\n        \t\t\t\t<\/div>\n\t\t\t\t\t<\/div>\n\t\t\t\t<\/div>\n\t\t\t\t<\/div>\n\t\t","protected":false},"excerpt":{"rendered":"<p>Consciente des enjeux environnementaux, soci\u00e9taux et \u00e9conomiques actuels, SOGENA a souhait\u00e9 s\u2019engager dans une politique de Responsabilit\u00e9 Soci\u00e9tale d\u2019Entreprise.Sogena structure ses engagements autour de 4 objectifs compl\u00e9mentaires, qui serviront de socles \u00e0 sa politique RSE pour les ann\u00e9es \u00e0 venir. Objectif 1 : Mobiliser les fournisseurs et prestataires via une politique d\u2019achat responsable. La majorit\u00e9 [&hellip;]<\/p>\n","protected":false},"author":1,"featured_media":0,"parent":0,"menu_order":0,"comment_status":"closed","ping_status":"closed","template":"","meta":{"_acf_changed":false,"footnotes":"","_links_to":"","_links_to_target":""},"class_list":["post-1469","page","type-page","status-publish","hentry"],"acf":[],"yoast_head":"<!-- This site is optimized with the Yoast SEO plugin v27.4 - https:\/\/yoast.com\/product\/yoast-seo-wordpress\/ -->\n<title>Euronaval 2026 - Notre engagement RSE<\/title>\n<meta name=\"description\" content=\"D\u00e9couvrez la politique RSE d&#039;Euronaval, structur\u00e9e autour de 4 objectifs compl\u00e9mentaires visant \u00e0 mobiliser les fournisseurs, soutenir les initiatives des exposants, impliquer les collaborateurs et optimiser les impacts environnementaux. Pour lancer cette d\u00e9marche, un guide de la RSE est mis \u00e0 la disposition de tous les exposants. Contactez-nous pour en savoir plus sur notre engagement en mati\u00e8re de responsabilit\u00e9 sociale des entreprises.\" \/>\n<meta name=\"robots\" content=\"index, follow, max-snippet:-1, max-image-preview:large, max-video-preview:-1\" \/>\n<link rel=\"canonical\" href=\"https:\/\/www.euronaval.com\/fr\/politique-de-rse\/\" \/>\n<meta property=\"og:locale\" content=\"fr_FR\" \/>\n<meta property=\"og:type\" content=\"article\" \/>\n<meta property=\"og:title\" content=\"Euronaval 2026 - Notre engagement RSE\" \/>\n<meta property=\"og:description\" content=\"D\u00e9couvrez la politique RSE d&#039;Euronaval, structur\u00e9e autour de 4 objectifs compl\u00e9mentaires visant \u00e0 mobiliser les fournisseurs, soutenir les initiatives des exposants, impliquer les collaborateurs et optimiser les impacts environnementaux. Pour lancer cette d\u00e9marche, un guide de la RSE est mis \u00e0 la disposition de tous les exposants. Contactez-nous pour en savoir plus sur notre engagement en mati\u00e8re de responsabilit\u00e9 sociale des entreprises.\" \/>\n<meta property=\"og:url\" content=\"https:\/\/www.euronaval.com\/fr\/politique-de-rse\/\" \/>\n<meta property=\"og:site_name\" content=\"Euronaval\" \/>\n<meta property=\"article:publisher\" content=\"https:\/\/www.facebook.com\/people\/Euronaval\/100063477820109\/\" \/>\n<meta property=\"article:modified_time\" content=\"2025-11-24T15:31:33+00:00\" \/>\n<meta name=\"twitter:card\" content=\"summary_large_image\" \/>\n<meta name=\"twitter:site\" content=\"@SalonEuronaval\" \/>\n<meta name=\"twitter:label1\" content=\"Dur\u00e9e de lecture estim\u00e9e\" \/>\n\t<meta name=\"twitter:data1\" content=\"2 minutes\" \/>\n<script type=\"application\/ld+json\" class=\"yoast-schema-graph\">{\"@context\":\"https:\\\/\\\/schema.org\",\"@graph\":[{\"@type\":\"WebPage\",\"@id\":\"https:\\\/\\\/www.euronaval.com\\\/fr\\\/politique-de-rse\\\/\",\"url\":\"https:\\\/\\\/www.euronaval.com\\\/fr\\\/politique-de-rse\\\/\",\"name\":\"Euronaval 2026 - Notre engagement RSE\",\"isPartOf\":{\"@id\":\"https:\\\/\\\/www.euronaval.com\\\/fr\\\/#website\"},\"datePublished\":\"2023-06-05T13:59:37+00:00\",\"dateModified\":\"2025-11-24T15:31:33+00:00\",\"description\":\"D\u00e9couvrez la politique RSE d'Euronaval, structur\u00e9e autour de 4 objectifs compl\u00e9mentaires visant \u00e0 mobiliser les fournisseurs, soutenir les initiatives des exposants, impliquer les collaborateurs et optimiser les impacts environnementaux. Pour lancer cette d\u00e9marche, un guide de la RSE est mis \u00e0 la disposition de tous les exposants. Contactez-nous pour en savoir plus sur notre engagement en mati\u00e8re de responsabilit\u00e9 sociale des entreprises.\",\"breadcrumb\":{\"@id\":\"https:\\\/\\\/www.euronaval.com\\\/fr\\\/politique-de-rse\\\/#breadcrumb\"},\"inLanguage\":\"fr-FR\",\"potentialAction\":[{\"@type\":\"ReadAction\",\"target\":[\"https:\\\/\\\/www.euronaval.com\\\/fr\\\/politique-de-rse\\\/\"]}]},{\"@type\":\"BreadcrumbList\",\"@id\":\"https:\\\/\\\/www.euronaval.com\\\/fr\\\/politique-de-rse\\\/#breadcrumb\",\"itemListElement\":[{\"@type\":\"ListItem\",\"position\":1,\"name\":\"Accueil\",\"item\":\"https:\\\/\\\/www.euronaval.com\\\/fr\\\/accueil\\\/\"},{\"@type\":\"ListItem\",\"position\":2,\"name\":\"Notre engagement RSE\"}]},{\"@type\":\"WebSite\",\"@id\":\"https:\\\/\\\/www.euronaval.com\\\/fr\\\/#website\",\"url\":\"https:\\\/\\\/www.euronaval.com\\\/fr\\\/\",\"name\":\"Euronaval\",\"description\":\"The World Naval Defense Exhibition\",\"publisher\":{\"@id\":\"https:\\\/\\\/www.euronaval.com\\\/fr\\\/#organization\"},\"potentialAction\":[{\"@type\":\"SearchAction\",\"target\":{\"@type\":\"EntryPoint\",\"urlTemplate\":\"https:\\\/\\\/www.euronaval.com\\\/fr\\\/?s={search_term_string}\"},\"query-input\":{\"@type\":\"PropertyValueSpecification\",\"valueRequired\":true,\"valueName\":\"search_term_string\"}}],\"inLanguage\":\"fr-FR\"},{\"@type\":\"Organization\",\"@id\":\"https:\\\/\\\/www.euronaval.com\\\/fr\\\/#organization\",\"name\":\"Euronaval\",\"url\":\"https:\\\/\\\/www.euronaval.com\\\/fr\\\/\",\"logo\":{\"@type\":\"ImageObject\",\"inLanguage\":\"fr-FR\",\"@id\":\"https:\\\/\\\/www.euronaval.com\\\/fr\\\/#\\\/schema\\\/logo\\\/image\\\/\",\"url\":\"https:\\\/\\\/www.euronaval.com\\\/wp-content\\\/uploads\\\/2023\\\/06\\\/cropped-logo-euronaval-1.png\",\"contentUrl\":\"https:\\\/\\\/www.euronaval.com\\\/wp-content\\\/uploads\\\/2023\\\/06\\\/cropped-logo-euronaval-1.png\",\"width\":307,\"height\":29,\"caption\":\"Euronaval\"},\"image\":{\"@id\":\"https:\\\/\\\/www.euronaval.com\\\/fr\\\/#\\\/schema\\\/logo\\\/image\\\/\"},\"sameAs\":[\"https:\\\/\\\/www.facebook.com\\\/people\\\/Euronaval\\\/100063477820109\\\/\",\"https:\\\/\\\/x.com\\\/SalonEuronaval\",\"https:\\\/\\\/www.linkedin.com\\\/company\\\/euronaval\\\/\",\"https:\\\/\\\/www.youtube.com\\\/@euronaval8981\"]}]}<\/script>\n<!-- \/ Yoast SEO plugin. -->","yoast_head_json":{"title":"Euronaval 2026 - Notre engagement RSE","description":"D\u00e9couvrez la politique RSE d'Euronaval, structur\u00e9e autour de 4 objectifs compl\u00e9mentaires visant \u00e0 mobiliser les fournisseurs, soutenir les initiatives des exposants, impliquer les collaborateurs et optimiser les impacts environnementaux. Pour lancer cette d\u00e9marche, un guide de la RSE est mis \u00e0 la disposition de tous les exposants. Contactez-nous pour en savoir plus sur notre engagement en mati\u00e8re de responsabilit\u00e9 sociale des entreprises.","robots":{"index":"index","follow":"follow","max-snippet":"max-snippet:-1","max-image-preview":"max-image-preview:large","max-video-preview":"max-video-preview:-1"},"canonical":"https:\/\/www.euronaval.com\/fr\/politique-de-rse\/","og_locale":"fr_FR","og_type":"article","og_title":"Euronaval 2026 - Notre engagement RSE","og_description":"D\u00e9couvrez la politique RSE d'Euronaval, structur\u00e9e autour de 4 objectifs compl\u00e9mentaires visant \u00e0 mobiliser les fournisseurs, soutenir les initiatives des exposants, impliquer les collaborateurs et optimiser les impacts environnementaux. Pour lancer cette d\u00e9marche, un guide de la RSE est mis \u00e0 la disposition de tous les exposants. Contactez-nous pour en savoir plus sur notre engagement en mati\u00e8re de responsabilit\u00e9 sociale des entreprises.","og_url":"https:\/\/www.euronaval.com\/fr\/politique-de-rse\/","og_site_name":"Euronaval","article_publisher":"https:\/\/www.facebook.com\/people\/Euronaval\/100063477820109\/","article_modified_time":"2025-11-24T15:31:33+00:00","twitter_card":"summary_large_image","twitter_site":"@SalonEuronaval","twitter_misc":{"Dur\u00e9e de lecture estim\u00e9e":"2 minutes"},"schema":{"@context":"https:\/\/schema.org","@graph":[{"@type":"WebPage","@id":"https:\/\/www.euronaval.com\/fr\/politique-de-rse\/","url":"https:\/\/www.euronaval.com\/fr\/politique-de-rse\/","name":"Euronaval 2026 - Notre engagement RSE","isPartOf":{"@id":"https:\/\/www.euronaval.com\/fr\/#website"},"datePublished":"2023-06-05T13:59:37+00:00","dateModified":"2025-11-24T15:31:33+00:00","description":"D\u00e9couvrez la politique RSE d'Euronaval, structur\u00e9e autour de 4 objectifs compl\u00e9mentaires visant \u00e0 mobiliser les fournisseurs, soutenir les initiatives des exposants, impliquer les collaborateurs et optimiser les impacts environnementaux. Pour lancer cette d\u00e9marche, un guide de la RSE est mis \u00e0 la disposition de tous les exposants. Contactez-nous pour en savoir plus sur notre engagement en mati\u00e8re de responsabilit\u00e9 sociale des entreprises.","breadcrumb":{"@id":"https:\/\/www.euronaval.com\/fr\/politique-de-rse\/#breadcrumb"},"inLanguage":"fr-FR","potentialAction":[{"@type":"ReadAction","target":["https:\/\/www.euronaval.com\/fr\/politique-de-rse\/"]}]},{"@type":"BreadcrumbList","@id":"https:\/\/www.euronaval.com\/fr\/politique-de-rse\/#breadcrumb","itemListElement":[{"@type":"ListItem","position":1,"name":"Accueil","item":"https:\/\/www.euronaval.com\/fr\/accueil\/"},{"@type":"ListItem","position":2,"name":"Notre engagement RSE"}]},{"@type":"WebSite","@id":"https:\/\/www.euronaval.com\/fr\/#website","url":"https:\/\/www.euronaval.com\/fr\/","name":"Euronaval","description":"The World Naval Defense Exhibition","publisher":{"@id":"https:\/\/www.euronaval.com\/fr\/#organization"},"potentialAction":[{"@type":"SearchAction","target":{"@type":"EntryPoint","urlTemplate":"https:\/\/www.euronaval.com\/fr\/?s={search_term_string}"},"query-input":{"@type":"PropertyValueSpecification","valueRequired":true,"valueName":"search_term_string"}}],"inLanguage":"fr-FR"},{"@type":"Organization","@id":"https:\/\/www.euronaval.com\/fr\/#organization","name":"Euronaval","url":"https:\/\/www.euronaval.com\/fr\/","logo":{"@type":"ImageObject","inLanguage":"fr-FR","@id":"https:\/\/www.euronaval.com\/fr\/#\/schema\/logo\/image\/","url":"https:\/\/www.euronaval.com\/wp-content\/uploads\/2023\/06\/cropped-logo-euronaval-1.png","contentUrl":"https:\/\/www.euronaval.com\/wp-content\/uploads\/2023\/06\/cropped-logo-euronaval-1.png","width":307,"height":29,"caption":"Euronaval"},"image":{"@id":"https:\/\/www.euronaval.com\/fr\/#\/schema\/logo\/image\/"},"sameAs":["https:\/\/www.facebook.com\/people\/Euronaval\/100063477820109\/","https:\/\/x.com\/SalonEuronaval","https:\/\/www.linkedin.com\/company\/euronaval\/","https:\/\/www.youtube.com\/@euronaval8981"]}]}},"_links":{"self":[{"href":"https:\/\/www.euronaval.com\/fr\/wp-json\/wp\/v2\/pages\/1469","targetHints":{"allow":["GET"]}}],"collection":[{"href":"https:\/\/www.euronaval.com\/fr\/wp-json\/wp\/v2\/pages"}],"about":[{"href":"https:\/\/www.euronaval.com\/fr\/wp-json\/wp\/v2\/types\/page"}],"author":[{"embeddable":true,"href":"https:\/\/www.euronaval.com\/fr\/wp-json\/wp\/v2\/users\/1"}],"replies":[{"embeddable":true,"href":"https:\/\/www.euronaval.com\/fr\/wp-json\/wp\/v2\/comments?post=1469"}],"version-history":[{"count":5,"href":"https:\/\/www.euronaval.com\/fr\/wp-json\/wp\/v2\/pages\/1469\/revisions"}],"predecessor-version":[{"id":17271,"href":"https:\/\/www.euronaval.com\/fr\/wp-json\/wp\/v2\/pages\/1469\/revisions\/17271"}],"wp:attachment":[{"href":"https:\/\/www.euronaval.com\/fr\/wp-json\/wp\/v2\/media?parent=1469"}],"curies":[{"name":"wp","href":"https:\/\/api.w.org\/{rel}","templated":true}]}}