{"id":4068,"date":"2023-06-22T15:14:13","date_gmt":"2023-06-22T13:14:13","guid":{"rendered":"https:\/\/rcpt.euronaval.fr\/temps-forts\/reunions-daffaires\/"},"modified":"2025-11-24T16:40:36","modified_gmt":"2025-11-24T15:40:36","slug":"reunions-daffaires","status":"publish","type":"page","link":"https:\/\/www.euronaval.com\/fr\/temps-forts\/reunions-daffaires\/","title":{"rendered":"Rendez-vous d\u2019affaires"},"content":{"rendered":"\t\t<div data-elementor-type=\"wp-page\" data-elementor-id=\"4068\" class=\"elementor elementor-4068 elementor-4002\" data-elementor-post-type=\"page\">\n\t\t\t\t<div class=\"elementor-element elementor-element-203c594 e-con-full e-flex e-con e-parent\" data-id=\"203c594\" data-element_type=\"container\" data-e-type=\"container\" data-settings=\"{&quot;background_background&quot;:&quot;classic&quot;}\">\n\t\t<div class=\"elementor-element elementor-element-5c0efb0 e-flex e-con-boxed e-con e-child\" data-id=\"5c0efb0\" data-element_type=\"container\" data-e-type=\"container\">\n\t\t\t\t\t<div class=\"e-con-inner\">\n\t\t<div class=\"elementor-element elementor-element-c551d8c e-con-full e-flex e-con e-child\" data-id=\"c551d8c\" data-element_type=\"container\" data-e-type=\"container\">\n\t\t\t\t<\/div>\n\t\t\t\t\t<\/div>\n\t\t\t\t<\/div>\n\t\t\t\t<\/div>\n\t\t<div class=\"elementor-element elementor-element-b652a57 e-flex e-con-boxed e-con e-parent\" data-id=\"b652a57\" data-element_type=\"container\" data-e-type=\"container\">\n\t\t\t\t\t<div class=\"e-con-inner\">\n\t\t<div class=\"elementor-element elementor-element-d3a16b9 e-con-full e-flex e-con e-child\" data-id=\"d3a16b9\" data-element_type=\"container\" data-e-type=\"container\">\n\t\t<div class=\"elementor-element elementor-element-8579b5f e-con-full e-flex e-con e-child\" data-id=\"8579b5f\" data-element_type=\"container\" data-e-type=\"container\" data-settings=\"{&quot;background_background&quot;:&quot;classic&quot;}\">\n\t\t\t\t<\/div>\n\t\t<div class=\"elementor-element elementor-element-db498d0 e-con-full e-flex e-con e-child\" data-id=\"db498d0\" data-element_type=\"container\" data-e-type=\"container\">\n\t\t\t\t<div class=\"elementor-element elementor-element-b29c590 elementor-widget elementor-widget-heading\" data-id=\"b29c590\" data-element_type=\"widget\" data-e-type=\"widget\" data-widget_type=\"heading.default\">\n\t\t\t\t\t<h2 class=\"elementor-heading-title elementor-size-default\">Gagnez du temps, profitez des business meetings<\/h2>\t\t\t\t<\/div>\n\t\t\t\t<div class=\"elementor-element elementor-element-fd19661 elementor-widget elementor-widget-text-editor\" data-id=\"fd19661\" data-element_type=\"widget\" data-e-type=\"widget\" data-widget_type=\"text-editor.default\">\n\t\t\t\t\t\t\t\t\t<p>Un service \u00e0 forte valeur ajout\u00e9e, visant \u00e0 vous faire gagner du temps gr\u00e2ce \u00e0 des rendez-vous d&rsquo;affaires cibl\u00e9s.<\/p>\t\t\t\t\t\t\t\t<\/div>\n\t\t\t\t<div class=\"elementor-element elementor-element-f9b363e elementor-widget elementor-widget-heading\" data-id=\"f9b363e\" data-element_type=\"widget\" data-e-type=\"widget\" data-widget_type=\"heading.default\">\n\t\t\t\t\t<h2 class=\"elementor-heading-title elementor-size-default\">Rencontrez vos futurs partenaires ?<\/h2>\t\t\t\t<\/div>\n\t\t\t\t<div class=\"elementor-element elementor-element-27d9b00 elementor-widget elementor-widget-text-editor\" data-id=\"27d9b00\" data-element_type=\"widget\" data-e-type=\"widget\" data-widget_type=\"text-editor.default\">\n\t\t\t\t\t\t\t\t\t<p>Des donneurs d\u2019ordres nationaux et internationaux sont contact\u00e9s avant l\u2019\u00e9v\u00e9nement et se voient proposer des rendez-vous d\u2019affaires personnalis\u00e9s avec les exposants de leur choix, en fonction de leur projet.<\/p><p>Pendant l\u2019\u00e9v\u00e9nement les participants peuvent continuer le networking via la Web App de business meetings<\/p>\t\t\t\t\t\t\t\t<\/div>\n\t\t\t\t<div class=\"elementor-element elementor-element-8eb49af elementor-widget elementor-widget-heading\" data-id=\"8eb49af\" data-element_type=\"widget\" data-e-type=\"widget\" data-widget_type=\"heading.default\">\n\t\t\t\t\t<h2 class=\"elementor-heading-title elementor-size-default\">Pourquoi participer aux rendez-vous qualifi\u00e9s ?<\/h2>\t\t\t\t<\/div>\n\t\t\t\t<div class=\"elementor-element elementor-element-0e54e72 elementor-widget elementor-widget-text-editor\" data-id=\"0e54e72\" data-element_type=\"widget\" data-e-type=\"widget\" data-widget_type=\"text-editor.default\">\n\t\t\t\t\t\t\t\t\t<ul><li>Optimisez votre visite et obtenez des rendez-vous avant m\u00eame l&rsquo;ouverture du salon.<\/li><li>Rencontrez les industriels concern\u00e9s par vos projets dans le cadre des rendez-vous sur mesure<\/li><li>Acc\u00e9l\u00e9rez les circuits de d\u00e9cision avec des rendez-vous pr\u00e9par\u00e9s<\/li><\/ul>\t\t\t\t\t\t\t\t<\/div>\n\t\t\t\t<div class=\"elementor-element elementor-element-1743d63 elementor-widget elementor-widget-heading\" data-id=\"1743d63\" data-element_type=\"widget\" data-e-type=\"widget\" data-widget_type=\"heading.default\">\n\t\t\t\t\t<h2 class=\"elementor-heading-title elementor-size-default\">Comment \u00e7a marche ?<\/h2>\t\t\t\t<\/div>\n\t\t\t\t<div class=\"elementor-element elementor-element-29a3113 elementor-widget elementor-widget-text-editor\" data-id=\"29a3113\" data-element_type=\"widget\" data-e-type=\"widget\" data-widget_type=\"text-editor.default\">\n\t\t\t\t\t\t\t\t\t<ul><li><b style=\"color: var( --e-global-color-text ); font-family: var( --e-global-typography-text-font-family ), Sans-serif; font-size: 1rem;\">\u00c9tape 1 &#8211;<\/b><span style=\"color: var( --e-global-color-text ); font-family: var( --e-global-typography-text-font-family ), Sans-serif; font-size: 1rem;\"> Faire sa demande de badge en ligne<\/span><\/li><li><b style=\"color: var( --e-global-color-text ); font-family: var( --e-global-typography-text-font-family ), Sans-serif; font-size: 1rem;\">\u00c9tape 2 &#8211;<\/b> Sur le formulaire, cocher la case \u00ab Je souhaite b\u00e9n\u00e9ficier du service BtoB meetings \u00bb<\/li><li><b>\u00c9tape 3 &#8211;<\/b> D\u00e8s validation, acc\u00e8s \u00e0 son espace BtoB meetings<\/li><li><b>\u00c9tape 4 &#8211;<\/b> Choix des soci\u00e9t\u00e9s pour prise de rendez-vous personnalis\u00e9<\/li><\/ul>\t\t\t\t\t\t\t\t<\/div>\n\t\t\t\t<div class=\"elementor-element elementor-element-5faa5b8 elementor-widget elementor-widget-image\" data-id=\"5faa5b8\" data-element_type=\"widget\" data-e-type=\"widget\" data-widget_type=\"image.default\">\n\t\t\t\t\t\t\t\t\t\t\t\t\t\t\t<img fetchpriority=\"high\" decoding=\"async\" width=\"800\" height=\"218\" src=\"https:\/\/www.euronaval.com\/wp-content\/uploads\/2024\/09\/Timeline_RDV_EN_visiteursEuronaval.gif\" class=\"attachment-large size-large wp-image-10584\" alt=\"\" \/>\t\t\t\t\t\t\t\t\t\t\t\t\t\t\t<\/div>\n\t\t\t\t<div class=\"elementor-element elementor-element-993f90a elementor-hidden-desktop elementor-hidden-tablet elementor-hidden-mobile elementor-widget elementor-widget-eael-creative-button\" data-id=\"993f90a\" data-element_type=\"widget\" data-e-type=\"widget\" data-widget_type=\"eael-creative-button.default\">\n\t\t\t\t\t        <div class=\"eael-creative-button-wrapper\">\n\n            <a class=\"eael-creative-button eael-creative-button--wayra eael-cb-icon-position-\" href=\"https:\/\/euronaval.mybadgeonline.com\/Vis-Login\" target=\"_blank\" data-text=\"Aller!\">\n            \t    \n                <div class=\"creative-button-inner\">\n\n                    \n                    <span class=\"cretive-button-text\">Je prends mon badge<\/span>\n\n                                    <\/div>\n\t                        <\/a>\n        <\/div>\n        \t\t\t\t<\/div>\n\t\t\t\t<\/div>\n\t\t\t\t<\/div>\n\t\t\t\t\t<\/div>\n\t\t\t\t<\/div>\n\t\t<div class=\"elementor-element elementor-element-dce389a e-con-full e-flex e-con e-parent\" data-id=\"dce389a\" data-element_type=\"container\" data-e-type=\"container\">\n\t\t\t\t<div class=\"elementor-element elementor-element-70fae5b elementor-widget__width-initial elementor-widget elementor-widget-heading\" data-id=\"70fae5b\" data-element_type=\"widget\" data-e-type=\"widget\" data-settings=\"{&quot;motion_fx_motion_fx_scrolling&quot;:&quot;yes&quot;,&quot;motion_fx_blur_effect&quot;:&quot;yes&quot;,&quot;motion_fx_blur_range&quot;:{&quot;unit&quot;:&quot;%&quot;,&quot;size&quot;:&quot;&quot;,&quot;sizes&quot;:{&quot;start&quot;:0,&quot;end&quot;:50}},&quot;motion_fx_blur_direction&quot;:&quot;out-in&quot;,&quot;motion_fx_blur_level&quot;:{&quot;unit&quot;:&quot;px&quot;,&quot;size&quot;:7,&quot;sizes&quot;:[]},&quot;motion_fx_devices&quot;:[&quot;desktop&quot;,&quot;tablet&quot;,&quot;mobile&quot;]}\" data-widget_type=\"heading.default\">\n\t\t\t\t\t<h3 class=\"elementor-heading-title elementor-size-default\">Vous avez besoin de plus d'informations ?<\/h3>\t\t\t\t<\/div>\n\t\t\t\t<div class=\"elementor-element elementor-element-b5958ff elementor-widget elementor-widget-eael-creative-button\" data-id=\"b5958ff\" data-element_type=\"widget\" data-e-type=\"widget\" data-widget_type=\"eael-creative-button.default\">\n\t\t\t\t\t        <div class=\"eael-creative-button-wrapper\">\n\n            <a class=\"eael-creative-button eael-creative-button--wayra eael-cb-icon-position-\" href=\"https:\/\/www.euronaval.com\/practical-informations\/contact-us\/\" data-text=\"Aller!\">\n            \t    \n                <div class=\"creative-button-inner\">\n\n                    \n                    <span class=\"cretive-button-text\">contactez nous<\/span>\n\n                                    <\/div>\n\t                        <\/a>\n        <\/div>\n        \t\t\t\t<\/div>\n\t\t\t\t<\/div>\n\t\t\t\t<\/div>\n\t\t","protected":false},"excerpt":{"rendered":"<p>Gagnez du temps, profitez des business meetings Un service \u00e0 forte valeur ajout\u00e9e, visant \u00e0 vous faire gagner du temps gr\u00e2ce \u00e0 des rendez-vous d&rsquo;affaires cibl\u00e9s. Rencontrez vos futurs partenaires ? Des donneurs d\u2019ordres nationaux et internationaux sont contact\u00e9s avant l\u2019\u00e9v\u00e9nement et se voient proposer des rendez-vous d\u2019affaires personnalis\u00e9s avec les exposants de leur choix, [&hellip;]<\/p>\n","protected":false},"author":1,"featured_media":0,"parent":4005,"menu_order":0,"comment_status":"closed","ping_status":"closed","template":"","meta":{"_acf_changed":false,"footnotes":"","_links_to":"","_links_to_target":""},"class_list":["post-4068","page","type-page","status-publish","hentry"],"acf":[],"yoast_head":"<!-- This site is optimized with the Yoast SEO plugin v27.4 - https:\/\/yoast.com\/product\/yoast-seo-wordpress\/ -->\n<title>Euronaval 2026 - Rendez-vous d&#039;affaires<\/title>\n<meta name=\"description\" content=\"Gagnez du temps et profitez des r\u00e9unions d&#039;affaires ! Augmentez votre visibilit\u00e9 et votre retour sur investissement lors de l&#039;\u00e9v\u00e9nement en planifiant des rendez-vous avant l&#039;ouverture du salon.\" \/>\n<meta name=\"robots\" content=\"index, follow, max-snippet:-1, max-image-preview:large, max-video-preview:-1\" \/>\n<link rel=\"canonical\" href=\"https:\/\/www.euronaval.com\/fr\/temps-forts\/reunions-daffaires\/\" \/>\n<meta property=\"og:locale\" content=\"fr_FR\" \/>\n<meta property=\"og:type\" content=\"article\" \/>\n<meta property=\"og:title\" content=\"Euronaval 2026 - Rendez-vous d&#039;affaires\" \/>\n<meta property=\"og:description\" content=\"Gagnez du temps et profitez des r\u00e9unions d&#039;affaires ! Augmentez votre visibilit\u00e9 et votre retour sur investissement lors de l&#039;\u00e9v\u00e9nement en planifiant des rendez-vous avant l&#039;ouverture du salon.\" \/>\n<meta property=\"og:url\" content=\"https:\/\/www.euronaval.com\/fr\/temps-forts\/reunions-daffaires\/\" \/>\n<meta property=\"og:site_name\" content=\"Euronaval\" \/>\n<meta property=\"article:publisher\" content=\"https:\/\/www.facebook.com\/people\/Euronaval\/100063477820109\/\" \/>\n<meta property=\"article:modified_time\" content=\"2025-11-24T15:40:36+00:00\" \/>\n<meta property=\"og:image\" content=\"https:\/\/www.euronaval.com\/wp-content\/uploads\/2024\/09\/Timeline_RDV_EN_visiteursEuronaval.gif\" \/>\n<meta name=\"twitter:card\" content=\"summary_large_image\" \/>\n<meta name=\"twitter:site\" content=\"@SalonEuronaval\" \/>\n<meta name=\"twitter:label1\" content=\"Dur\u00e9e de lecture estim\u00e9e\" \/>\n\t<meta name=\"twitter:data1\" content=\"2 minutes\" \/>\n<script type=\"application\/ld+json\" class=\"yoast-schema-graph\">{\"@context\":\"https:\\\/\\\/schema.org\",\"@graph\":[{\"@type\":\"WebPage\",\"@id\":\"https:\\\/\\\/www.euronaval.com\\\/fr\\\/temps-forts\\\/reunions-daffaires\\\/\",\"url\":\"https:\\\/\\\/www.euronaval.com\\\/fr\\\/temps-forts\\\/reunions-daffaires\\\/\",\"name\":\"Euronaval 2026 - Rendez-vous d'affaires\",\"isPartOf\":{\"@id\":\"https:\\\/\\\/www.euronaval.com\\\/fr\\\/#website\"},\"primaryImageOfPage\":{\"@id\":\"https:\\\/\\\/www.euronaval.com\\\/fr\\\/temps-forts\\\/reunions-daffaires\\\/#primaryimage\"},\"image\":{\"@id\":\"https:\\\/\\\/www.euronaval.com\\\/fr\\\/temps-forts\\\/reunions-daffaires\\\/#primaryimage\"},\"thumbnailUrl\":\"https:\\\/\\\/www.euronaval.com\\\/wp-content\\\/uploads\\\/2024\\\/09\\\/Timeline_RDV_EN_visiteursEuronaval.gif\",\"datePublished\":\"2023-06-22T13:14:13+00:00\",\"dateModified\":\"2025-11-24T15:40:36+00:00\",\"description\":\"Gagnez du temps et profitez des r\u00e9unions d'affaires ! Augmentez votre visibilit\u00e9 et votre retour sur investissement lors de l'\u00e9v\u00e9nement en planifiant des rendez-vous avant l'ouverture du salon.\",\"breadcrumb\":{\"@id\":\"https:\\\/\\\/www.euronaval.com\\\/fr\\\/temps-forts\\\/reunions-daffaires\\\/#breadcrumb\"},\"inLanguage\":\"fr-FR\",\"potentialAction\":[{\"@type\":\"ReadAction\",\"target\":[\"https:\\\/\\\/www.euronaval.com\\\/fr\\\/temps-forts\\\/reunions-daffaires\\\/\"]}]},{\"@type\":\"ImageObject\",\"inLanguage\":\"fr-FR\",\"@id\":\"https:\\\/\\\/www.euronaval.com\\\/fr\\\/temps-forts\\\/reunions-daffaires\\\/#primaryimage\",\"url\":\"https:\\\/\\\/www.euronaval.com\\\/wp-content\\\/uploads\\\/2024\\\/09\\\/Timeline_RDV_EN_visiteursEuronaval.gif\",\"contentUrl\":\"https:\\\/\\\/www.euronaval.com\\\/wp-content\\\/uploads\\\/2024\\\/09\\\/Timeline_RDV_EN_visiteursEuronaval.gif\"},{\"@type\":\"BreadcrumbList\",\"@id\":\"https:\\\/\\\/www.euronaval.com\\\/fr\\\/temps-forts\\\/reunions-daffaires\\\/#breadcrumb\",\"itemListElement\":[{\"@type\":\"ListItem\",\"position\":1,\"name\":\"Accueil\",\"item\":\"https:\\\/\\\/www.euronaval.com\\\/fr\\\/accueil\\\/\"},{\"@type\":\"ListItem\",\"position\":2,\"name\":\"Temps forts\",\"item\":\"https:\\\/\\\/www.euronaval.com\\\/fr\\\/temps-forts\\\/\"},{\"@type\":\"ListItem\",\"position\":3,\"name\":\"Rendez-vous d\u2019affaires\"}]},{\"@type\":\"WebSite\",\"@id\":\"https:\\\/\\\/www.euronaval.com\\\/fr\\\/#website\",\"url\":\"https:\\\/\\\/www.euronaval.com\\\/fr\\\/\",\"name\":\"Euronaval\",\"description\":\"The World Naval Defense Exhibition\",\"publisher\":{\"@id\":\"https:\\\/\\\/www.euronaval.com\\\/fr\\\/#organization\"},\"potentialAction\":[{\"@type\":\"SearchAction\",\"target\":{\"@type\":\"EntryPoint\",\"urlTemplate\":\"https:\\\/\\\/www.euronaval.com\\\/fr\\\/?s={search_term_string}\"},\"query-input\":{\"@type\":\"PropertyValueSpecification\",\"valueRequired\":true,\"valueName\":\"search_term_string\"}}],\"inLanguage\":\"fr-FR\"},{\"@type\":\"Organization\",\"@id\":\"https:\\\/\\\/www.euronaval.com\\\/fr\\\/#organization\",\"name\":\"Euronaval\",\"url\":\"https:\\\/\\\/www.euronaval.com\\\/fr\\\/\",\"logo\":{\"@type\":\"ImageObject\",\"inLanguage\":\"fr-FR\",\"@id\":\"https:\\\/\\\/www.euronaval.com\\\/fr\\\/#\\\/schema\\\/logo\\\/image\\\/\",\"url\":\"https:\\\/\\\/www.euronaval.com\\\/wp-content\\\/uploads\\\/2023\\\/06\\\/cropped-logo-euronaval-1.png\",\"contentUrl\":\"https:\\\/\\\/www.euronaval.com\\\/wp-content\\\/uploads\\\/2023\\\/06\\\/cropped-logo-euronaval-1.png\",\"width\":307,\"height\":29,\"caption\":\"Euronaval\"},\"image\":{\"@id\":\"https:\\\/\\\/www.euronaval.com\\\/fr\\\/#\\\/schema\\\/logo\\\/image\\\/\"},\"sameAs\":[\"https:\\\/\\\/www.facebook.com\\\/people\\\/Euronaval\\\/100063477820109\\\/\",\"https:\\\/\\\/x.com\\\/SalonEuronaval\",\"https:\\\/\\\/www.linkedin.com\\\/company\\\/euronaval\\\/\",\"https:\\\/\\\/www.youtube.com\\\/@euronaval8981\"]}]}<\/script>\n<!-- \/ Yoast SEO plugin. -->","yoast_head_json":{"title":"Euronaval 2026 - Rendez-vous d'affaires","description":"Gagnez du temps et profitez des r\u00e9unions d'affaires ! Augmentez votre visibilit\u00e9 et votre retour sur investissement lors de l'\u00e9v\u00e9nement en planifiant des rendez-vous avant l'ouverture du salon.","robots":{"index":"index","follow":"follow","max-snippet":"max-snippet:-1","max-image-preview":"max-image-preview:large","max-video-preview":"max-video-preview:-1"},"canonical":"https:\/\/www.euronaval.com\/fr\/temps-forts\/reunions-daffaires\/","og_locale":"fr_FR","og_type":"article","og_title":"Euronaval 2026 - Rendez-vous d'affaires","og_description":"Gagnez du temps et profitez des r\u00e9unions d'affaires ! Augmentez votre visibilit\u00e9 et votre retour sur investissement lors de l'\u00e9v\u00e9nement en planifiant des rendez-vous avant l'ouverture du salon.","og_url":"https:\/\/www.euronaval.com\/fr\/temps-forts\/reunions-daffaires\/","og_site_name":"Euronaval","article_publisher":"https:\/\/www.facebook.com\/people\/Euronaval\/100063477820109\/","article_modified_time":"2025-11-24T15:40:36+00:00","og_image":[{"url":"https:\/\/www.euronaval.com\/wp-content\/uploads\/2024\/09\/Timeline_RDV_EN_visiteursEuronaval.gif","type":"","width":"","height":""}],"twitter_card":"summary_large_image","twitter_site":"@SalonEuronaval","twitter_misc":{"Dur\u00e9e de lecture estim\u00e9e":"2 minutes"},"schema":{"@context":"https:\/\/schema.org","@graph":[{"@type":"WebPage","@id":"https:\/\/www.euronaval.com\/fr\/temps-forts\/reunions-daffaires\/","url":"https:\/\/www.euronaval.com\/fr\/temps-forts\/reunions-daffaires\/","name":"Euronaval 2026 - Rendez-vous d'affaires","isPartOf":{"@id":"https:\/\/www.euronaval.com\/fr\/#website"},"primaryImageOfPage":{"@id":"https:\/\/www.euronaval.com\/fr\/temps-forts\/reunions-daffaires\/#primaryimage"},"image":{"@id":"https:\/\/www.euronaval.com\/fr\/temps-forts\/reunions-daffaires\/#primaryimage"},"thumbnailUrl":"https:\/\/www.euronaval.com\/wp-content\/uploads\/2024\/09\/Timeline_RDV_EN_visiteursEuronaval.gif","datePublished":"2023-06-22T13:14:13+00:00","dateModified":"2025-11-24T15:40:36+00:00","description":"Gagnez du temps et profitez des r\u00e9unions d'affaires ! Augmentez votre visibilit\u00e9 et votre retour sur investissement lors de l'\u00e9v\u00e9nement en planifiant des rendez-vous avant l'ouverture du salon.","breadcrumb":{"@id":"https:\/\/www.euronaval.com\/fr\/temps-forts\/reunions-daffaires\/#breadcrumb"},"inLanguage":"fr-FR","potentialAction":[{"@type":"ReadAction","target":["https:\/\/www.euronaval.com\/fr\/temps-forts\/reunions-daffaires\/"]}]},{"@type":"ImageObject","inLanguage":"fr-FR","@id":"https:\/\/www.euronaval.com\/fr\/temps-forts\/reunions-daffaires\/#primaryimage","url":"https:\/\/www.euronaval.com\/wp-content\/uploads\/2024\/09\/Timeline_RDV_EN_visiteursEuronaval.gif","contentUrl":"https:\/\/www.euronaval.com\/wp-content\/uploads\/2024\/09\/Timeline_RDV_EN_visiteursEuronaval.gif"},{"@type":"BreadcrumbList","@id":"https:\/\/www.euronaval.com\/fr\/temps-forts\/reunions-daffaires\/#breadcrumb","itemListElement":[{"@type":"ListItem","position":1,"name":"Accueil","item":"https:\/\/www.euronaval.com\/fr\/accueil\/"},{"@type":"ListItem","position":2,"name":"Temps forts","item":"https:\/\/www.euronaval.com\/fr\/temps-forts\/"},{"@type":"ListItem","position":3,"name":"Rendez-vous d\u2019affaires"}]},{"@type":"WebSite","@id":"https:\/\/www.euronaval.com\/fr\/#website","url":"https:\/\/www.euronaval.com\/fr\/","name":"Euronaval","description":"The World Naval Defense Exhibition","publisher":{"@id":"https:\/\/www.euronaval.com\/fr\/#organization"},"potentialAction":[{"@type":"SearchAction","target":{"@type":"EntryPoint","urlTemplate":"https:\/\/www.euronaval.com\/fr\/?s={search_term_string}"},"query-input":{"@type":"PropertyValueSpecification","valueRequired":true,"valueName":"search_term_string"}}],"inLanguage":"fr-FR"},{"@type":"Organization","@id":"https:\/\/www.euronaval.com\/fr\/#organization","name":"Euronaval","url":"https:\/\/www.euronaval.com\/fr\/","logo":{"@type":"ImageObject","inLanguage":"fr-FR","@id":"https:\/\/www.euronaval.com\/fr\/#\/schema\/logo\/image\/","url":"https:\/\/www.euronaval.com\/wp-content\/uploads\/2023\/06\/cropped-logo-euronaval-1.png","contentUrl":"https:\/\/www.euronaval.com\/wp-content\/uploads\/2023\/06\/cropped-logo-euronaval-1.png","width":307,"height":29,"caption":"Euronaval"},"image":{"@id":"https:\/\/www.euronaval.com\/fr\/#\/schema\/logo\/image\/"},"sameAs":["https:\/\/www.facebook.com\/people\/Euronaval\/100063477820109\/","https:\/\/x.com\/SalonEuronaval","https:\/\/www.linkedin.com\/company\/euronaval\/","https:\/\/www.youtube.com\/@euronaval8981"]}]}},"_links":{"self":[{"href":"https:\/\/www.euronaval.com\/fr\/wp-json\/wp\/v2\/pages\/4068","targetHints":{"allow":["GET"]}}],"collection":[{"href":"https:\/\/www.euronaval.com\/fr\/wp-json\/wp\/v2\/pages"}],"about":[{"href":"https:\/\/www.euronaval.com\/fr\/wp-json\/wp\/v2\/types\/page"}],"author":[{"embeddable":true,"href":"https:\/\/www.euronaval.com\/fr\/wp-json\/wp\/v2\/users\/1"}],"replies":[{"embeddable":true,"href":"https:\/\/www.euronaval.com\/fr\/wp-json\/wp\/v2\/comments?post=4068"}],"version-history":[{"count":5,"href":"https:\/\/www.euronaval.com\/fr\/wp-json\/wp\/v2\/pages\/4068\/revisions"}],"predecessor-version":[{"id":17292,"href":"https:\/\/www.euronaval.com\/fr\/wp-json\/wp\/v2\/pages\/4068\/revisions\/17292"}],"up":[{"embeddable":true,"href":"https:\/\/www.euronaval.com\/fr\/wp-json\/wp\/v2\/pages\/4005"}],"wp:attachment":[{"href":"https:\/\/www.euronaval.com\/fr\/wp-json\/wp\/v2\/media?parent=4068"}],"curies":[{"name":"wp","href":"https:\/\/api.w.org\/{rel}","templated":true}]}}