{"id":5723,"date":"2023-07-07T15:37:00","date_gmt":"2023-07-07T13:37:00","guid":{"rendered":"https:\/\/rcpt.euronaval.fr\/media\/galerie-media\/"},"modified":"2025-11-24T16:52:25","modified_gmt":"2025-11-24T15:52:25","slug":"galerie-media","status":"publish","type":"page","link":"https:\/\/www.euronaval.com\/fr\/media__trashed\/galerie-media\/","title":{"rendered":"Galerie m\u00e9dia"},"content":{"rendered":"\t\t<div data-elementor-type=\"wp-page\" data-elementor-id=\"5723\" class=\"elementor elementor-5723 elementor-5657\" data-elementor-post-type=\"page\">\n\t\t\t\t<div class=\"elementor-element elementor-element-3cd8dfd e-con-full e-flex e-con e-parent\" data-id=\"3cd8dfd\" data-element_type=\"container\" data-e-type=\"container\" data-settings=\"{&quot;background_background&quot;:&quot;classic&quot;}\">\n\t\t<div class=\"elementor-element elementor-element-dd9acd1 e-flex e-con-boxed e-con e-child\" data-id=\"dd9acd1\" data-element_type=\"container\" data-e-type=\"container\">\n\t\t\t\t\t<div class=\"e-con-inner\">\n\t\t<div class=\"elementor-element elementor-element-89274fc e-con-full e-flex e-con e-child\" data-id=\"89274fc\" data-element_type=\"container\" data-e-type=\"container\">\n\t\t\t\t<div class=\"elementor-element elementor-element-81ede34 elementor-widget elementor-widget-eael-creative-button\" data-id=\"81ede34\" data-element_type=\"widget\" data-e-type=\"widget\" data-widget_type=\"eael-creative-button.default\">\n\t\t\t\t\t        <div class=\"eael-creative-button-wrapper\">\n\n            <a class=\"eael-creative-button eael-creative-button--wayra eael-cb-icon-position-\" href=\"https:\/\/www.euronaval.com\/highlights\/2024-videos\/\" target=\"_blank\" data-text=\"Aller!\">\n            \t    \n                <div class=\"creative-button-inner\">\n\n                    \n                    <span class=\"cretive-button-text\">Vid\u00e9os EURONAVAL 2024<\/span>\n\n                                    <\/div>\n\t                        <\/a>\n        <\/div>\n        \t\t\t\t<\/div>\n\t\t\t\t<\/div>\n\t\t\t\t\t<\/div>\n\t\t\t\t<\/div>\n\t\t\t\t<\/div>\n\t\t\t\t<section class=\"elementor-section elementor-top-section elementor-element elementor-element-cb79da5 elementor-section-boxed elementor-section-height-default elementor-section-height-default\" data-id=\"cb79da5\" data-element_type=\"section\" data-e-type=\"section\">\n\t\t\t\t\t\t<div class=\"elementor-container elementor-column-gap-default\">\n\t\t\t\t\t<div class=\"elementor-column elementor-col-100 elementor-top-column elementor-element elementor-element-edbec65\" data-id=\"edbec65\" data-element_type=\"column\" data-e-type=\"column\">\n\t\t\t<div class=\"elementor-widget-wrap elementor-element-populated\">\n\t\t\t\t\t\t<div class=\"elementor-element elementor-element-9833734 elementor-widget elementor-widget-gallery\" data-id=\"9833734\" data-element_type=\"widget\" data-e-type=\"widget\" data-settings=\"{&quot;overlay_title&quot;:&quot;alt&quot;,&quot;lazyload&quot;:&quot;yes&quot;,&quot;gallery_layout&quot;:&quot;grid&quot;,&quot;columns&quot;:4,&quot;columns_tablet&quot;:2,&quot;columns_mobile&quot;:1,&quot;gap&quot;:{&quot;unit&quot;:&quot;px&quot;,&quot;size&quot;:10,&quot;sizes&quot;:[]},&quot;gap_tablet&quot;:{&quot;unit&quot;:&quot;px&quot;,&quot;size&quot;:10,&quot;sizes&quot;:[]},&quot;gap_mobile&quot;:{&quot;unit&quot;:&quot;px&quot;,&quot;size&quot;:10,&quot;sizes&quot;:[]},&quot;link_to&quot;:&quot;file&quot;,&quot;aspect_ratio&quot;:&quot;3:2&quot;,&quot;overlay_background&quot;:&quot;yes&quot;,&quot;content_hover_animation&quot;:&quot;fade-in&quot;}\" data-widget_type=\"gallery.default\">\n\t\t\t\t\t\t\t<div class=\"elementor-gallery__container\">\n\t\t\t\t\t\t\t<a class=\"e-gallery-item elementor-gallery-item elementor-animated-content\" href=\"https:\/\/www.euronaval.com\/wp-content\/uploads\/2024\/11\/Mr-Sebastien-Lecornu-s-arrival-scaled.jpg\" data-elementor-open-lightbox=\"yes\" data-elementor-lightbox-slideshow=\"9833734\" data-elementor-lightbox-title=\"Arriv\u00e9e de M. S\u00e9bastien Lecornu\" data-e-action-hash=\"#elementor-action%3Aaction%3Dlightbox%26settings%3DeyJpZCI6MTI1MTEsInVybCI6Imh0dHBzOlwvXC93d3cuZXVyb25hdmFsLmNvbVwvd3AtY29udGVudFwvdXBsb2Fkc1wvMjAyNFwvMTFcL01yLVNlYmFzdGllbi1MZWNvcm51LXMtYXJyaXZhbC1zY2FsZWQuanBnIiwic2xpZGVzaG93IjoiOTgzMzczNCJ9\">\n\t\t\t\t\t<div class=\"e-gallery-image elementor-gallery-item__image\" data-thumbnail=\"https:\/\/www.euronaval.com\/wp-content\/uploads\/2024\/11\/Mr-Sebastien-Lecornu-s-arrival-300x200.jpg\" data-width=\"300\" data-height=\"200\" aria-label=\"Arriv\u00e9e de M. S\u00e9bastien Lecornu\" role=\"img\" ><\/div>\n\t\t\t\t\t\t\t\t\t\t\t<div class=\"elementor-gallery-item__overlay\"><\/div>\n\t\t\t\t\t\t\t\t\t\t\t\t\t\t\t<div class=\"elementor-gallery-item__content\">\n\t\t\t\t\t\t\t\t\t\t\t\t\t\t<div class=\"elementor-gallery-item__title\">\n\t\t\t\t\t\t\t\t\t\t\t\t\t\t\t\t\t\tArriv\u00e9e de M. S\u00e9bastien Lecornu\t\t\t\t\t\t\t\t<\/div>\n\t\t\t\t\t\t\t\t\t\t\t\t<\/div>\n\t\t\t\t\t\t\t\t\t<\/a>\n\t\t\t\t\t\t\t<a class=\"e-gallery-item elementor-gallery-item elementor-animated-content\" href=\"https:\/\/www.euronaval.com\/wp-content\/uploads\/2024\/11\/Mr-Sebastien-Lecornu-Minister-for-the-Armed-Forces-and-Veterans-opens-the-EURONAVAL-exhibition-scaled.jpg\" data-elementor-open-lightbox=\"yes\" data-elementor-lightbox-slideshow=\"9833734\" data-elementor-lightbox-title=\"M. S\u00e9bastien Lecornu Ministre des forces arm\u00e9es et des anciens combattants inaugure le Salon EURONAVAL\" data-e-action-hash=\"#elementor-action%3Aaction%3Dlightbox%26settings%3DeyJpZCI6MTI1MDksInVybCI6Imh0dHBzOlwvXC93d3cuZXVyb25hdmFsLmNvbVwvd3AtY29udGVudFwvdXBsb2Fkc1wvMjAyNFwvMTFcL01yLVNlYmFzdGllbi1MZWNvcm51LU1pbmlzdGVyLWZvci10aGUtQXJtZWQtRm9yY2VzLWFuZC1WZXRlcmFucy1vcGVucy10aGUtRVVST05BVkFMLWV4aGliaXRpb24tc2NhbGVkLmpwZyIsInNsaWRlc2hvdyI6Ijk4MzM3MzQifQ%3D%3D\">\n\t\t\t\t\t<div class=\"e-gallery-image elementor-gallery-item__image\" data-thumbnail=\"https:\/\/www.euronaval.com\/wp-content\/uploads\/2024\/11\/Mr-Sebastien-Lecornu-Minister-for-the-Armed-Forces-and-Veterans-opens-the-EURONAVAL-exhibition-300x200.jpg\" data-width=\"300\" data-height=\"200\" aria-label=\"M. S\u00e9bastien Lecornu Ministre des forces arm\u00e9es et des anciens combattants inaugure le Salon EURONAVAL\" role=\"img\" ><\/div>\n\t\t\t\t\t\t\t\t\t\t\t<div class=\"elementor-gallery-item__overlay\"><\/div>\n\t\t\t\t\t\t\t\t\t\t\t\t\t\t\t<div class=\"elementor-gallery-item__content\">\n\t\t\t\t\t\t\t\t\t\t\t\t\t\t<div class=\"elementor-gallery-item__title\">\n\t\t\t\t\t\t\t\t\t\t\t\t\t\t\t\t\t\tM. S\u00e9bastien Lecornu Ministre des forces arm\u00e9es et des anciens combattants inaugure le Salon EURONAVAL\t\t\t\t\t\t\t\t<\/div>\n\t\t\t\t\t\t\t\t\t\t\t\t<\/div>\n\t\t\t\t\t\t\t\t\t<\/a>\n\t\t\t\t\t\t\t<a class=\"e-gallery-item elementor-gallery-item elementor-animated-content\" href=\"https:\/\/www.euronaval.com\/wp-content\/uploads\/2024\/11\/EURONAVAL-inauguration-scaled.jpg\" data-elementor-open-lightbox=\"yes\" data-elementor-lightbox-slideshow=\"9833734\" data-elementor-lightbox-title=\"inauguration d&#039;EURONAVAL\" data-e-action-hash=\"#elementor-action%3Aaction%3Dlightbox%26settings%3DeyJpZCI6MTI0OTEsInVybCI6Imh0dHBzOlwvXC93d3cuZXVyb25hdmFsLmNvbVwvd3AtY29udGVudFwvdXBsb2Fkc1wvMjAyNFwvMTFcL0VVUk9OQVZBTC1pbmF1Z3VyYXRpb24tc2NhbGVkLmpwZyIsInNsaWRlc2hvdyI6Ijk4MzM3MzQifQ%3D%3D\">\n\t\t\t\t\t<div class=\"e-gallery-image elementor-gallery-item__image\" data-thumbnail=\"https:\/\/www.euronaval.com\/wp-content\/uploads\/2024\/11\/EURONAVAL-inauguration-300x200.jpg\" data-width=\"300\" data-height=\"200\" aria-label=\"inauguration d&#039;EURONAVAL\" role=\"img\" ><\/div>\n\t\t\t\t\t\t\t\t\t\t\t<div class=\"elementor-gallery-item__overlay\"><\/div>\n\t\t\t\t\t\t\t\t\t\t\t\t\t\t\t<div class=\"elementor-gallery-item__content\">\n\t\t\t\t\t\t\t\t\t\t\t\t\t\t<div class=\"elementor-gallery-item__title\">\n\t\t\t\t\t\t\t\t\t\t\t\t\t\t\t\t\t\tinauguration d'EURONAVAL\t\t\t\t\t\t\t\t<\/div>\n\t\t\t\t\t\t\t\t\t\t\t\t<\/div>\n\t\t\t\t\t\t\t\t\t<\/a>\n\t\t\t\t\t\t\t<a class=\"e-gallery-item elementor-gallery-item elementor-animated-content\" href=\"https:\/\/www.euronaval.com\/wp-content\/uploads\/2024\/11\/Mr-Hugues-Du-Plessis-d-Argentre-Mr-Pierre-Eric-Pommellet-Mr-Emmanuel-Chiva-and-Admiral-Nicolas-Vaujour-scaled.jpg\" data-elementor-open-lightbox=\"yes\" data-elementor-lightbox-slideshow=\"9833734\" data-elementor-lightbox-title=\"M. Hugues Du Plessis d&#039;Argentre M. Pierre-Eric Pommellet M. Emmanuel Chiva et l&#039;Amiral Nicolas Vaujour\" data-e-action-hash=\"#elementor-action%3Aaction%3Dlightbox%26settings%3DeyJpZCI6MTI1MDMsInVybCI6Imh0dHBzOlwvXC93d3cuZXVyb25hdmFsLmNvbVwvd3AtY29udGVudFwvdXBsb2Fkc1wvMjAyNFwvMTFcL01yLUh1Z3Vlcy1EdS1QbGVzc2lzLWQtQXJnZW50cmUtTXItUGllcnJlLUVyaWMtUG9tbWVsbGV0LU1yLUVtbWFudWVsLUNoaXZhLWFuZC1BZG1pcmFsLU5pY29sYXMtVmF1am91ci1zY2FsZWQuanBnIiwic2xpZGVzaG93IjoiOTgzMzczNCJ9\">\n\t\t\t\t\t<div class=\"e-gallery-image elementor-gallery-item__image\" data-thumbnail=\"https:\/\/www.euronaval.com\/wp-content\/uploads\/2024\/11\/Mr-Hugues-Du-Plessis-d-Argentre-Mr-Pierre-Eric-Pommellet-Mr-Emmanuel-Chiva-and-Admiral-Nicolas-Vaujour-300x200.jpg\" data-width=\"300\" data-height=\"200\" aria-label=\"M. Hugues Du Plessis d&#039;Argentre M. Pierre-Eric Pommellet M. Emmanuel Chiva et l&#039;Amiral Nicolas Vaujour\" role=\"img\" ><\/div>\n\t\t\t\t\t\t\t\t\t\t\t<div class=\"elementor-gallery-item__overlay\"><\/div>\n\t\t\t\t\t\t\t\t\t\t\t\t\t\t\t<div class=\"elementor-gallery-item__content\">\n\t\t\t\t\t\t\t\t\t\t\t\t\t\t<div class=\"elementor-gallery-item__title\">\n\t\t\t\t\t\t\t\t\t\t\t\t\t\t\t\t\t\tM. Hugues Du Plessis d'Argentre M. Pierre-Eric Pommellet M. Emmanuel Chiva et l'Amiral Nicolas Vaujour\t\t\t\t\t\t\t\t<\/div>\n\t\t\t\t\t\t\t\t\t\t\t\t<\/div>\n\t\t\t\t\t\t\t\t\t<\/a>\n\t\t\t\t\t\t\t<a class=\"e-gallery-item elementor-gallery-item elementor-animated-content\" href=\"https:\/\/www.euronaval.com\/wp-content\/uploads\/2024\/11\/Mr-Pierre-Eric-Pommellet-Mr-Emmanuel-Chiva-and-Admiral-Nicolas-Vaujour-on-the-Naval-Group-stand-scaled.jpg\" data-elementor-open-lightbox=\"yes\" data-elementor-lightbox-slideshow=\"9833734\" data-elementor-lightbox-title=\"M. Pierre-Eric Pommellet M. Emmanuel Chiva et l&#039;Amiral Nicolas Vaujour sur le stand de Naval Group\" data-e-action-hash=\"#elementor-action%3Aaction%3Dlightbox%26settings%3DeyJpZCI6MTI1MDcsInVybCI6Imh0dHBzOlwvXC93d3cuZXVyb25hdmFsLmNvbVwvd3AtY29udGVudFwvdXBsb2Fkc1wvMjAyNFwvMTFcL01yLVBpZXJyZS1FcmljLVBvbW1lbGxldC1Nci1FbW1hbnVlbC1DaGl2YS1hbmQtQWRtaXJhbC1OaWNvbGFzLVZhdWpvdXItb24tdGhlLU5hdmFsLUdyb3VwLXN0YW5kLXNjYWxlZC5qcGciLCJzbGlkZXNob3ciOiI5ODMzNzM0In0%3D\">\n\t\t\t\t\t<div class=\"e-gallery-image elementor-gallery-item__image\" data-thumbnail=\"https:\/\/www.euronaval.com\/wp-content\/uploads\/2024\/11\/Mr-Pierre-Eric-Pommellet-Mr-Emmanuel-Chiva-and-Admiral-Nicolas-Vaujour-on-the-Naval-Group-stand-300x200.jpg\" data-width=\"300\" data-height=\"200\" aria-label=\"M. Pierre-Eric Pommellet M. Emmanuel Chiva et l&#039;Amiral Nicolas Vaujour sur le stand de Naval Group\" role=\"img\" ><\/div>\n\t\t\t\t\t\t\t\t\t\t\t<div class=\"elementor-gallery-item__overlay\"><\/div>\n\t\t\t\t\t\t\t\t\t\t\t\t\t\t\t<div class=\"elementor-gallery-item__content\">\n\t\t\t\t\t\t\t\t\t\t\t\t\t\t<div class=\"elementor-gallery-item__title\">\n\t\t\t\t\t\t\t\t\t\t\t\t\t\t\t\t\t\tM. Pierre-Eric Pommellet M. Emmanuel Chiva et l'Amiral Nicolas Vaujour sur le stand de Naval Group\t\t\t\t\t\t\t\t<\/div>\n\t\t\t\t\t\t\t\t\t\t\t\t<\/div>\n\t\t\t\t\t\t\t\t\t<\/a>\n\t\t\t\t\t\t\t<a class=\"e-gallery-item elementor-gallery-item elementor-animated-content\" href=\"https:\/\/www.euronaval.com\/wp-content\/uploads\/2024\/11\/EURONAVAL-NAVAL-group-stand-scaled.jpg\" data-elementor-open-lightbox=\"yes\" data-elementor-lightbox-slideshow=\"9833734\" data-elementor-lightbox-title=\"Stand de NAVAL group\" data-e-action-hash=\"#elementor-action%3Aaction%3Dlightbox%26settings%3DeyJpZCI6MTI0OTMsInVybCI6Imh0dHBzOlwvXC93d3cuZXVyb25hdmFsLmNvbVwvd3AtY29udGVudFwvdXBsb2Fkc1wvMjAyNFwvMTFcL0VVUk9OQVZBTC1OQVZBTC1ncm91cC1zdGFuZC1zY2FsZWQuanBnIiwic2xpZGVzaG93IjoiOTgzMzczNCJ9\">\n\t\t\t\t\t<div class=\"e-gallery-image elementor-gallery-item__image\" data-thumbnail=\"https:\/\/www.euronaval.com\/wp-content\/uploads\/2024\/11\/EURONAVAL-NAVAL-group-stand-300x200.jpg\" data-width=\"300\" data-height=\"200\" aria-label=\"Stand de NAVAL group\" role=\"img\" ><\/div>\n\t\t\t\t\t\t\t\t\t\t\t<div class=\"elementor-gallery-item__overlay\"><\/div>\n\t\t\t\t\t\t\t\t\t\t\t\t\t\t\t<div class=\"elementor-gallery-item__content\">\n\t\t\t\t\t\t\t\t\t\t\t\t\t\t<div class=\"elementor-gallery-item__title\">\n\t\t\t\t\t\t\t\t\t\t\t\t\t\t\t\t\t\tStand de NAVAL group\t\t\t\t\t\t\t\t<\/div>\n\t\t\t\t\t\t\t\t\t\t\t\t<\/div>\n\t\t\t\t\t\t\t\t\t<\/a>\n\t\t\t\t\t\t\t<a class=\"e-gallery-item elementor-gallery-item elementor-animated-content\" href=\"https:\/\/www.euronaval.com\/wp-content\/uploads\/2024\/11\/Chief-of-Staff-of-the-Navy-Admiral-Nicolas-VAUJOUR-scaled.jpg\" data-elementor-open-lightbox=\"yes\" data-elementor-lightbox-slideshow=\"9833734\" data-elementor-lightbox-title=\"Chef d&#039;\u00e9tat-major de la marine Amiral Nicolas VAUJOUR\" data-e-action-hash=\"#elementor-action%3Aaction%3Dlightbox%26settings%3DeyJpZCI6MTI0NzUsInVybCI6Imh0dHBzOlwvXC93d3cuZXVyb25hdmFsLmNvbVwvd3AtY29udGVudFwvdXBsb2Fkc1wvMjAyNFwvMTFcL0NoaWVmLW9mLVN0YWZmLW9mLXRoZS1OYXZ5LUFkbWlyYWwtTmljb2xhcy1WQVVKT1VSLXNjYWxlZC5qcGciLCJzbGlkZXNob3ciOiI5ODMzNzM0In0%3D\">\n\t\t\t\t\t<div class=\"e-gallery-image elementor-gallery-item__image\" data-thumbnail=\"https:\/\/www.euronaval.com\/wp-content\/uploads\/2024\/11\/Chief-of-Staff-of-the-Navy-Admiral-Nicolas-VAUJOUR-300x200.jpg\" data-width=\"300\" data-height=\"200\" aria-label=\"Chef d&#039;\u00e9tat-major de la marine Amiral Nicolas VAUJOUR\" role=\"img\" ><\/div>\n\t\t\t\t\t\t\t\t\t\t\t<div class=\"elementor-gallery-item__overlay\"><\/div>\n\t\t\t\t\t\t\t\t\t\t\t\t\t\t\t<div class=\"elementor-gallery-item__content\">\n\t\t\t\t\t\t\t\t\t\t\t\t\t\t<div class=\"elementor-gallery-item__title\">\n\t\t\t\t\t\t\t\t\t\t\t\t\t\t\t\t\t\tChef d'\u00e9tat-major de la marine Amiral Nicolas VAUJOUR\t\t\t\t\t\t\t\t<\/div>\n\t\t\t\t\t\t\t\t\t\t\t\t<\/div>\n\t\t\t\t\t\t\t\t\t<\/a>\n\t\t\t\t\t\t\t<a class=\"e-gallery-item elementor-gallery-item elementor-animated-content\" href=\"https:\/\/www.euronaval.com\/wp-content\/uploads\/2024\/11\/Mr-Ion-Marcel-Ciolacu-Prime-Minister-of-Romania-and-Mr-Angel-Tilvar-Minister-of-Defense-scaled.jpg\" data-elementor-open-lightbox=\"yes\" data-elementor-lightbox-slideshow=\"9833734\" data-elementor-lightbox-title=\"M. Ion Marcel Ciolacu Premier Ministre de Roumanie et M. Angel Tilvar Ministre de la D\u00e9fense\" data-e-action-hash=\"#elementor-action%3Aaction%3Dlightbox%26settings%3DeyJpZCI6MTI1MjksInVybCI6Imh0dHBzOlwvXC93d3cuZXVyb25hdmFsLmNvbVwvd3AtY29udGVudFwvdXBsb2Fkc1wvMjAyNFwvMTFcL01yLUlvbi1NYXJjZWwtQ2lvbGFjdS1QcmltZS1NaW5pc3Rlci1vZi1Sb21hbmlhLWFuZC1Nci1BbmdlbC1UaWx2YXItTWluaXN0ZXItb2YtRGVmZW5zZS1zY2FsZWQuanBnIiwic2xpZGVzaG93IjoiOTgzMzczNCJ9\">\n\t\t\t\t\t<div class=\"e-gallery-image elementor-gallery-item__image\" data-thumbnail=\"https:\/\/www.euronaval.com\/wp-content\/uploads\/2024\/11\/Mr-Ion-Marcel-Ciolacu-Prime-Minister-of-Romania-and-Mr-Angel-Tilvar-Minister-of-Defense-300x200.jpg\" data-width=\"300\" data-height=\"200\" aria-label=\"M. Ion Marcel Ciolacu Premier Ministre de Roumanie et M. Angel Tilvar Ministre de la D\u00e9fense\" role=\"img\" ><\/div>\n\t\t\t\t\t\t\t\t\t\t\t<div class=\"elementor-gallery-item__overlay\"><\/div>\n\t\t\t\t\t\t\t\t\t\t\t\t\t\t\t<div class=\"elementor-gallery-item__content\">\n\t\t\t\t\t\t\t\t\t\t\t\t\t\t<div class=\"elementor-gallery-item__title\">\n\t\t\t\t\t\t\t\t\t\t\t\t\t\t\t\t\t\tM. Ion Marcel Ciolacu Premier Ministre de Roumanie et M. Angel Tilvar Ministre de la D\u00e9fense\t\t\t\t\t\t\t\t<\/div>\n\t\t\t\t\t\t\t\t\t\t\t\t<\/div>\n\t\t\t\t\t\t\t\t\t<\/a>\n\t\t\t\t\t\t\t<a class=\"e-gallery-item elementor-gallery-item elementor-animated-content\" href=\"https:\/\/www.euronaval.com\/wp-content\/uploads\/2024\/11\/Mr-Nuno-Melo-Minister-of-Defense-Portugal-scaled.jpg\" data-elementor-open-lightbox=\"yes\" data-elementor-lightbox-slideshow=\"9833734\" data-elementor-lightbox-title=\"M. Nuno Melo Ministre de la D\u00e9fense du Portugal\" data-e-action-hash=\"#elementor-action%3Aaction%3Dlightbox%26settings%3DeyJpZCI6MTI1MDUsInVybCI6Imh0dHBzOlwvXC93d3cuZXVyb25hdmFsLmNvbVwvd3AtY29udGVudFwvdXBsb2Fkc1wvMjAyNFwvMTFcL01yLU51bm8tTWVsby1NaW5pc3Rlci1vZi1EZWZlbnNlLVBvcnR1Z2FsLXNjYWxlZC5qcGciLCJzbGlkZXNob3ciOiI5ODMzNzM0In0%3D\">\n\t\t\t\t\t<div class=\"e-gallery-image elementor-gallery-item__image\" data-thumbnail=\"https:\/\/www.euronaval.com\/wp-content\/uploads\/2024\/11\/Mr-Nuno-Melo-Minister-of-Defense-Portugal-300x200.jpg\" data-width=\"300\" data-height=\"200\" aria-label=\"M. Nuno Melo Ministre de la D\u00e9fense du Portugal\" role=\"img\" ><\/div>\n\t\t\t\t\t\t\t\t\t\t\t<div class=\"elementor-gallery-item__overlay\"><\/div>\n\t\t\t\t\t\t\t\t\t\t\t\t\t\t\t<div class=\"elementor-gallery-item__content\">\n\t\t\t\t\t\t\t\t\t\t\t\t\t\t<div class=\"elementor-gallery-item__title\">\n\t\t\t\t\t\t\t\t\t\t\t\t\t\t\t\t\t\tM. Nuno Melo Ministre de la D\u00e9fense du Portugal\t\t\t\t\t\t\t\t<\/div>\n\t\t\t\t\t\t\t\t\t\t\t\t<\/div>\n\t\t\t\t\t\t\t\t\t<\/a>\n\t\t\t\t\t\t\t<a class=\"e-gallery-item elementor-gallery-item elementor-animated-content\" href=\"https:\/\/www.euronaval.com\/wp-content\/uploads\/2024\/11\/Contract-signature-between-DCIGroup-and-SEAOWL-scaled.jpg\" data-elementor-open-lightbox=\"yes\" data-elementor-lightbox-slideshow=\"9833734\" data-elementor-lightbox-title=\"Signature du contrat entre DCIGroup et SEAOWL\" data-e-action-hash=\"#elementor-action%3Aaction%3Dlightbox%26settings%3DeyJpZCI6MTI0NzcsInVybCI6Imh0dHBzOlwvXC93d3cuZXVyb25hdmFsLmNvbVwvd3AtY29udGVudFwvdXBsb2Fkc1wvMjAyNFwvMTFcL0NvbnRyYWN0LXNpZ25hdHVyZS1iZXR3ZWVuLURDSUdyb3VwLWFuZC1TRUFPV0wtc2NhbGVkLmpwZyIsInNsaWRlc2hvdyI6Ijk4MzM3MzQifQ%3D%3D\">\n\t\t\t\t\t<div class=\"e-gallery-image elementor-gallery-item__image\" data-thumbnail=\"https:\/\/www.euronaval.com\/wp-content\/uploads\/2024\/11\/Contract-signature-between-DCIGroup-and-SEAOWL-300x200.jpg\" data-width=\"300\" data-height=\"200\" aria-label=\"Signature du contrat entre DCIGroup et SEAOWL\" role=\"img\" ><\/div>\n\t\t\t\t\t\t\t\t\t\t\t<div class=\"elementor-gallery-item__overlay\"><\/div>\n\t\t\t\t\t\t\t\t\t\t\t\t\t\t\t<div class=\"elementor-gallery-item__content\">\n\t\t\t\t\t\t\t\t\t\t\t\t\t\t<div class=\"elementor-gallery-item__title\">\n\t\t\t\t\t\t\t\t\t\t\t\t\t\t\t\t\t\tSignature du contrat entre DCIGroup et SEAOWL\t\t\t\t\t\t\t\t<\/div>\n\t\t\t\t\t\t\t\t\t\t\t\t<\/div>\n\t\t\t\t\t\t\t\t\t<\/a>\n\t\t\t\t\t\t\t<a class=\"e-gallery-item elementor-gallery-item elementor-animated-content\" href=\"https:\/\/www.euronaval.com\/wp-content\/uploads\/2024\/11\/Contract-signed-between-EXAIL-and-Thales.jpg\" data-elementor-open-lightbox=\"yes\" data-elementor-lightbox-slideshow=\"9833734\" data-elementor-lightbox-title=\"Contrat sign\u00e9 entre EXAIL et Thales\" data-e-action-hash=\"#elementor-action%3Aaction%3Dlightbox%26settings%3DeyJpZCI6MTI0NzksInVybCI6Imh0dHBzOlwvXC93d3cuZXVyb25hdmFsLmNvbVwvd3AtY29udGVudFwvdXBsb2Fkc1wvMjAyNFwvMTFcL0NvbnRyYWN0LXNpZ25lZC1iZXR3ZWVuLUVYQUlMLWFuZC1UaGFsZXMuanBnIiwic2xpZGVzaG93IjoiOTgzMzczNCJ9\">\n\t\t\t\t\t<div class=\"e-gallery-image elementor-gallery-item__image\" data-thumbnail=\"https:\/\/www.euronaval.com\/wp-content\/uploads\/2024\/11\/Contract-signed-between-EXAIL-and-Thales-300x200.jpg\" data-width=\"300\" data-height=\"200\" aria-label=\"Contrat sign\u00e9 entre EXAIL et Thales\" role=\"img\" ><\/div>\n\t\t\t\t\t\t\t\t\t\t\t<div class=\"elementor-gallery-item__overlay\"><\/div>\n\t\t\t\t\t\t\t\t\t\t\t\t\t\t\t<div class=\"elementor-gallery-item__content\">\n\t\t\t\t\t\t\t\t\t\t\t\t\t\t<div class=\"elementor-gallery-item__title\">\n\t\t\t\t\t\t\t\t\t\t\t\t\t\t\t\t\t\tContrat sign\u00e9 entre EXAIL et Thales\t\t\t\t\t\t\t\t<\/div>\n\t\t\t\t\t\t\t\t\t\t\t\t<\/div>\n\t\t\t\t\t\t\t\t\t<\/a>\n\t\t\t\t\t\t\t<a class=\"e-gallery-item elementor-gallery-item elementor-animated-content\" href=\"https:\/\/www.euronaval.com\/wp-content\/uploads\/2024\/11\/Contract-signed-between-Naval-Group-and-Hellenic-companies-scaled.jpg\" data-elementor-open-lightbox=\"yes\" data-elementor-lightbox-slideshow=\"9833734\" data-elementor-lightbox-title=\"Contrat sign\u00e9 entre le groupe Naval et les compagnies hell\u00e9niques\" data-e-action-hash=\"#elementor-action%3Aaction%3Dlightbox%26settings%3DeyJpZCI6MTI0ODEsInVybCI6Imh0dHBzOlwvXC93d3cuZXVyb25hdmFsLmNvbVwvd3AtY29udGVudFwvdXBsb2Fkc1wvMjAyNFwvMTFcL0NvbnRyYWN0LXNpZ25lZC1iZXR3ZWVuLU5hdmFsLUdyb3VwLWFuZC1IZWxsZW5pYy1jb21wYW5pZXMtc2NhbGVkLmpwZyIsInNsaWRlc2hvdyI6Ijk4MzM3MzQifQ%3D%3D\">\n\t\t\t\t\t<div class=\"e-gallery-image elementor-gallery-item__image\" data-thumbnail=\"https:\/\/www.euronaval.com\/wp-content\/uploads\/2024\/11\/Contract-signed-between-Naval-Group-and-Hellenic-companies-300x200.jpg\" data-width=\"300\" data-height=\"200\" aria-label=\"Contrat sign\u00e9 entre le groupe Naval et les compagnies hell\u00e9niques\" role=\"img\" ><\/div>\n\t\t\t\t\t\t\t\t\t\t\t<div class=\"elementor-gallery-item__overlay\"><\/div>\n\t\t\t\t\t\t\t\t\t\t\t\t\t\t\t<div class=\"elementor-gallery-item__content\">\n\t\t\t\t\t\t\t\t\t\t\t\t\t\t<div class=\"elementor-gallery-item__title\">\n\t\t\t\t\t\t\t\t\t\t\t\t\t\t\t\t\t\tContrat sign\u00e9 entre le groupe Naval et les compagnies hell\u00e9niques\t\t\t\t\t\t\t\t<\/div>\n\t\t\t\t\t\t\t\t\t\t\t\t<\/div>\n\t\t\t\t\t\t\t\t\t<\/a>\n\t\t\t\t\t\t\t<a class=\"e-gallery-item elementor-gallery-item elementor-animated-content\" href=\"https:\/\/www.euronaval.com\/wp-content\/uploads\/2024\/11\/Contract-signed-on-the-dutch-pavilion-scaled.jpg\" data-elementor-open-lightbox=\"yes\" data-elementor-lightbox-slideshow=\"9833734\" data-elementor-lightbox-title=\"Contrat sign\u00e9 sur le pavillon n\u00e9erlandais\" data-e-action-hash=\"#elementor-action%3Aaction%3Dlightbox%26settings%3DeyJpZCI6MTI0ODMsInVybCI6Imh0dHBzOlwvXC93d3cuZXVyb25hdmFsLmNvbVwvd3AtY29udGVudFwvdXBsb2Fkc1wvMjAyNFwvMTFcL0NvbnRyYWN0LXNpZ25lZC1vbi10aGUtZHV0Y2gtcGF2aWxpb24tc2NhbGVkLmpwZyIsInNsaWRlc2hvdyI6Ijk4MzM3MzQifQ%3D%3D\">\n\t\t\t\t\t<div class=\"e-gallery-image elementor-gallery-item__image\" data-thumbnail=\"https:\/\/www.euronaval.com\/wp-content\/uploads\/2024\/11\/Contract-signed-on-the-dutch-pavilion-300x200.jpg\" data-width=\"300\" data-height=\"200\" aria-label=\"Contrat sign\u00e9 sur le pavillon n\u00e9erlandais\" role=\"img\" ><\/div>\n\t\t\t\t\t\t\t\t\t\t\t<div class=\"elementor-gallery-item__overlay\"><\/div>\n\t\t\t\t\t\t\t\t\t\t\t\t\t\t\t<div class=\"elementor-gallery-item__content\">\n\t\t\t\t\t\t\t\t\t\t\t\t\t\t<div class=\"elementor-gallery-item__title\">\n\t\t\t\t\t\t\t\t\t\t\t\t\t\t\t\t\t\tContrat sign\u00e9 sur le pavillon n\u00e9erlandais\t\t\t\t\t\t\t\t<\/div>\n\t\t\t\t\t\t\t\t\t\t\t\t<\/div>\n\t\t\t\t\t\t\t\t\t<\/a>\n\t\t\t\t\t\t\t<a class=\"e-gallery-item elementor-gallery-item elementor-animated-content\" href=\"https:\/\/www.euronaval.com\/wp-content\/uploads\/2024\/11\/Country-Seminars-in-TOULON-Room-scaled.jpg\" data-elementor-open-lightbox=\"yes\" data-elementor-lightbox-slideshow=\"9833734\" data-elementor-lightbox-title=\"Country Seminars dans la salle Toulon\" data-e-action-hash=\"#elementor-action%3Aaction%3Dlightbox%26settings%3DeyJpZCI6MTI0ODUsInVybCI6Imh0dHBzOlwvXC93d3cuZXVyb25hdmFsLmNvbVwvd3AtY29udGVudFwvdXBsb2Fkc1wvMjAyNFwvMTFcL0NvdW50cnktU2VtaW5hcnMtaW4tVE9VTE9OLVJvb20tc2NhbGVkLmpwZyIsInNsaWRlc2hvdyI6Ijk4MzM3MzQifQ%3D%3D\">\n\t\t\t\t\t<div class=\"e-gallery-image elementor-gallery-item__image\" data-thumbnail=\"https:\/\/www.euronaval.com\/wp-content\/uploads\/2024\/11\/Country-Seminars-in-TOULON-Room-300x200.jpg\" data-width=\"300\" data-height=\"200\" aria-label=\"Country Seminars dans la salle Toulon\" role=\"img\" ><\/div>\n\t\t\t\t\t\t\t\t\t\t\t<div class=\"elementor-gallery-item__overlay\"><\/div>\n\t\t\t\t\t\t\t\t\t\t\t\t\t\t\t<div class=\"elementor-gallery-item__content\">\n\t\t\t\t\t\t\t\t\t\t\t\t\t\t<div class=\"elementor-gallery-item__title\">\n\t\t\t\t\t\t\t\t\t\t\t\t\t\t\t\t\t\tCountry Seminars dans la salle Toulon\t\t\t\t\t\t\t\t<\/div>\n\t\t\t\t\t\t\t\t\t\t\t\t<\/div>\n\t\t\t\t\t\t\t\t\t<\/a>\n\t\t\t\t\t\t\t<a class=\"e-gallery-item elementor-gallery-item elementor-animated-content\" href=\"https:\/\/www.euronaval.com\/wp-content\/uploads\/2024\/11\/Pitch-in-the-CHERBOURG-Room.jpg\" data-elementor-open-lightbox=\"yes\" data-elementor-lightbox-slideshow=\"9833734\" data-elementor-lightbox-title=\"Pitch dans la salle CHERBOURG\" data-e-action-hash=\"#elementor-action%3Aaction%3Dlightbox%26settings%3DeyJpZCI6MTI1MjcsInVybCI6Imh0dHBzOlwvXC93d3cuZXVyb25hdmFsLmNvbVwvd3AtY29udGVudFwvdXBsb2Fkc1wvMjAyNFwvMTFcL1BpdGNoLWluLXRoZS1DSEVSQk9VUkctUm9vbS5qcGciLCJzbGlkZXNob3ciOiI5ODMzNzM0In0%3D\">\n\t\t\t\t\t<div class=\"e-gallery-image elementor-gallery-item__image\" data-thumbnail=\"https:\/\/www.euronaval.com\/wp-content\/uploads\/2024\/11\/Pitch-in-the-CHERBOURG-Room-300x200.jpg\" data-width=\"300\" data-height=\"200\" aria-label=\"Pitch dans la salle CHERBOURG\" role=\"img\" ><\/div>\n\t\t\t\t\t\t\t\t\t\t\t<div class=\"elementor-gallery-item__overlay\"><\/div>\n\t\t\t\t\t\t\t\t\t\t\t\t\t\t\t<div class=\"elementor-gallery-item__content\">\n\t\t\t\t\t\t\t\t\t\t\t\t\t\t<div class=\"elementor-gallery-item__title\">\n\t\t\t\t\t\t\t\t\t\t\t\t\t\t\t\t\t\tPitch dans la salle CHERBOURG\t\t\t\t\t\t\t\t<\/div>\n\t\t\t\t\t\t\t\t\t\t\t\t<\/div>\n\t\t\t\t\t\t\t\t\t<\/a>\n\t\t\t\t\t\t\t<a class=\"e-gallery-item elementor-gallery-item elementor-animated-content\" href=\"https:\/\/www.euronaval.com\/wp-content\/uploads\/2024\/11\/Interview-de-Patrice-Caine-Ceo-of-Thales-scaled.jpg\" data-elementor-open-lightbox=\"yes\" data-elementor-lightbox-slideshow=\"9833734\" data-elementor-lightbox-title=\"Interview de Patrice Caine PDG de Thales\" data-e-action-hash=\"#elementor-action%3Aaction%3Dlightbox%26settings%3DeyJpZCI6MTI0OTUsInVybCI6Imh0dHBzOlwvXC93d3cuZXVyb25hdmFsLmNvbVwvd3AtY29udGVudFwvdXBsb2Fkc1wvMjAyNFwvMTFcL0ludGVydmlldy1kZS1QYXRyaWNlLUNhaW5lLUNlby1vZi1UaGFsZXMtc2NhbGVkLmpwZyIsInNsaWRlc2hvdyI6Ijk4MzM3MzQifQ%3D%3D\">\n\t\t\t\t\t<div class=\"e-gallery-image elementor-gallery-item__image\" data-thumbnail=\"https:\/\/www.euronaval.com\/wp-content\/uploads\/2024\/11\/Interview-de-Patrice-Caine-Ceo-of-Thales-300x200.jpg\" data-width=\"300\" data-height=\"200\" aria-label=\"Interview de Patrice Caine PDG de Thales\" role=\"img\" ><\/div>\n\t\t\t\t\t\t\t\t\t\t\t<div class=\"elementor-gallery-item__overlay\"><\/div>\n\t\t\t\t\t\t\t\t\t\t\t\t\t\t\t<div class=\"elementor-gallery-item__content\">\n\t\t\t\t\t\t\t\t\t\t\t\t\t\t<div class=\"elementor-gallery-item__title\">\n\t\t\t\t\t\t\t\t\t\t\t\t\t\t\t\t\t\tInterview de Patrice Caine PDG de Thales\t\t\t\t\t\t\t\t<\/div>\n\t\t\t\t\t\t\t\t\t\t\t\t<\/div>\n\t\t\t\t\t\t\t\t\t<\/a>\n\t\t\t\t\t\t\t<a class=\"e-gallery-item elementor-gallery-item elementor-animated-content\" href=\"https:\/\/www.euronaval.com\/wp-content\/uploads\/2024\/11\/Jean-Louis-Thieriot-speaks-scaled.jpg\" data-elementor-open-lightbox=\"yes\" data-elementor-lightbox-slideshow=\"9833734\" data-elementor-lightbox-title=\"Conf\u00e9rence de Jean-Louis Thieriot\" data-e-action-hash=\"#elementor-action%3Aaction%3Dlightbox%26settings%3DeyJpZCI6MTI0OTcsInVybCI6Imh0dHBzOlwvXC93d3cuZXVyb25hdmFsLmNvbVwvd3AtY29udGVudFwvdXBsb2Fkc1wvMjAyNFwvMTFcL0plYW4tTG91aXMtVGhpZXJpb3Qtc3BlYWtzLXNjYWxlZC5qcGciLCJzbGlkZXNob3ciOiI5ODMzNzM0In0%3D\">\n\t\t\t\t\t<div class=\"e-gallery-image elementor-gallery-item__image\" data-thumbnail=\"https:\/\/www.euronaval.com\/wp-content\/uploads\/2024\/11\/Jean-Louis-Thieriot-speaks-300x200.jpg\" data-width=\"300\" data-height=\"200\" aria-label=\"Conf\u00e9rence de Jean-Louis Thieriot\" role=\"img\" ><\/div>\n\t\t\t\t\t\t\t\t\t\t\t<div class=\"elementor-gallery-item__overlay\"><\/div>\n\t\t\t\t\t\t\t\t\t\t\t\t\t\t\t<div class=\"elementor-gallery-item__content\">\n\t\t\t\t\t\t\t\t\t\t\t\t\t\t<div class=\"elementor-gallery-item__title\">\n\t\t\t\t\t\t\t\t\t\t\t\t\t\t\t\t\t\tConf\u00e9rence de Jean-Louis Thieriot\t\t\t\t\t\t\t\t<\/div>\n\t\t\t\t\t\t\t\t\t\t\t\t<\/div>\n\t\t\t\t\t\t\t\t\t<\/a>\n\t\t\t\t\t\t\t<a class=\"e-gallery-item elementor-gallery-item elementor-animated-content\" href=\"https:\/\/www.euronaval.com\/wp-content\/uploads\/2024\/11\/EURONAVAL-AWARDS.jpg\" data-elementor-open-lightbox=\"yes\" data-elementor-lightbox-slideshow=\"9833734\" data-elementor-lightbox-title=\"EURONAVAL AWARDS\" data-e-action-hash=\"#elementor-action%3Aaction%3Dlightbox%26settings%3DeyJpZCI6MTI0ODcsInVybCI6Imh0dHBzOlwvXC93d3cuZXVyb25hdmFsLmNvbVwvd3AtY29udGVudFwvdXBsb2Fkc1wvMjAyNFwvMTFcL0VVUk9OQVZBTC1BV0FSRFMuanBnIiwic2xpZGVzaG93IjoiOTgzMzczNCJ9\">\n\t\t\t\t\t<div class=\"e-gallery-image elementor-gallery-item__image\" data-thumbnail=\"https:\/\/www.euronaval.com\/wp-content\/uploads\/2024\/11\/EURONAVAL-AWARDS-300x200.jpg\" data-width=\"300\" data-height=\"200\" aria-label=\"EURONAVAL AWARDS\" role=\"img\" ><\/div>\n\t\t\t\t\t\t\t\t\t\t\t<div class=\"elementor-gallery-item__overlay\"><\/div>\n\t\t\t\t\t\t\t\t\t\t\t\t\t\t\t<div class=\"elementor-gallery-item__content\">\n\t\t\t\t\t\t\t\t\t\t\t\t\t\t<div class=\"elementor-gallery-item__title\">\n\t\t\t\t\t\t\t\t\t\t\t\t\t\t\t\t\t\tEURONAVAL AWARDS\t\t\t\t\t\t\t\t<\/div>\n\t\t\t\t\t\t\t\t\t\t\t\t<\/div>\n\t\t\t\t\t\t\t\t\t<\/a>\n\t\t\t\t\t\t\t<a class=\"e-gallery-item elementor-gallery-item elementor-animated-content\" href=\"https:\/\/www.euronaval.com\/wp-content\/uploads\/2024\/11\/EURONAVAL-AWARDS-the-5-winners-scaled.jpg\" data-elementor-open-lightbox=\"yes\" data-elementor-lightbox-slideshow=\"9833734\" data-elementor-lightbox-title=\"les 5 laur\u00e9ats des EURONAVAL AWARDS\" data-e-action-hash=\"#elementor-action%3Aaction%3Dlightbox%26settings%3DeyJpZCI6MTI0ODksInVybCI6Imh0dHBzOlwvXC93d3cuZXVyb25hdmFsLmNvbVwvd3AtY29udGVudFwvdXBsb2Fkc1wvMjAyNFwvMTFcL0VVUk9OQVZBTC1BV0FSRFMtdGhlLTUtd2lubmVycy1zY2FsZWQuanBnIiwic2xpZGVzaG93IjoiOTgzMzczNCJ9\">\n\t\t\t\t\t<div class=\"e-gallery-image elementor-gallery-item__image\" data-thumbnail=\"https:\/\/www.euronaval.com\/wp-content\/uploads\/2024\/11\/EURONAVAL-AWARDS-the-5-winners-300x200.jpg\" data-width=\"300\" data-height=\"200\" aria-label=\"les 5 laur\u00e9ats des EURONAVAL AWARDS\" role=\"img\" ><\/div>\n\t\t\t\t\t\t\t\t\t\t\t<div class=\"elementor-gallery-item__overlay\"><\/div>\n\t\t\t\t\t\t\t\t\t\t\t\t\t\t\t<div class=\"elementor-gallery-item__content\">\n\t\t\t\t\t\t\t\t\t\t\t\t\t\t<div class=\"elementor-gallery-item__title\">\n\t\t\t\t\t\t\t\t\t\t\t\t\t\t\t\t\t\tles 5 laur\u00e9ats des EURONAVAL AWARDS\t\t\t\t\t\t\t\t<\/div>\n\t\t\t\t\t\t\t\t\t\t\t\t<\/div>\n\t\t\t\t\t\t\t\t\t<\/a>\n\t\t\t\t\t\t\t<a class=\"e-gallery-item elementor-gallery-item elementor-animated-content\" href=\"https:\/\/www.euronaval.com\/wp-content\/uploads\/2024\/11\/Amphenol-win-the-Special-ICT-Innovation-Award-scaled.jpg\" data-elementor-open-lightbox=\"yes\" data-elementor-lightbox-slideshow=\"9833734\" data-elementor-lightbox-title=\"Amphenol remporte le prix sp\u00e9cial de l&#039;innovation dans le domaine des TIC\" data-e-action-hash=\"#elementor-action%3Aaction%3Dlightbox%26settings%3DeyJpZCI6MTI0NzMsInVybCI6Imh0dHBzOlwvXC93d3cuZXVyb25hdmFsLmNvbVwvd3AtY29udGVudFwvdXBsb2Fkc1wvMjAyNFwvMTFcL0FtcGhlbm9sLXdpbi10aGUtU3BlY2lhbC1JQ1QtSW5ub3ZhdGlvbi1Bd2FyZC1zY2FsZWQuanBnIiwic2xpZGVzaG93IjoiOTgzMzczNCJ9\">\n\t\t\t\t\t<div class=\"e-gallery-image elementor-gallery-item__image\" data-thumbnail=\"https:\/\/www.euronaval.com\/wp-content\/uploads\/2024\/11\/Amphenol-win-the-Special-ICT-Innovation-Award-300x200.jpg\" data-width=\"300\" data-height=\"200\" aria-label=\"Amphenol remporte le prix sp\u00e9cial de l&#039;innovation dans le domaine des TIC\" role=\"img\" ><\/div>\n\t\t\t\t\t\t\t\t\t\t\t<div class=\"elementor-gallery-item__overlay\"><\/div>\n\t\t\t\t\t\t\t\t\t\t\t\t\t\t\t<div class=\"elementor-gallery-item__content\">\n\t\t\t\t\t\t\t\t\t\t\t\t\t\t<div class=\"elementor-gallery-item__title\">\n\t\t\t\t\t\t\t\t\t\t\t\t\t\t\t\t\t\tAmphenol remporte le prix sp\u00e9cial de l'innovation dans le domaine des TIC\t\t\t\t\t\t\t\t<\/div>\n\t\t\t\t\t\t\t\t\t\t\t\t<\/div>\n\t\t\t\t\t\t\t\t\t<\/a>\n\t\t\t\t\t\t\t<a class=\"e-gallery-item elementor-gallery-item elementor-animated-content\" href=\"https:\/\/www.euronaval.com\/wp-content\/uploads\/2024\/11\/AILiveSim-win-the-Special-Artificial-Intelligence-Award-scaled.jpg\" data-elementor-open-lightbox=\"yes\" data-elementor-lightbox-slideshow=\"9833734\" data-elementor-lightbox-title=\"AILiveSim remporte le prix sp\u00e9cial de l&#039;intelligence artificielle\" data-e-action-hash=\"#elementor-action%3Aaction%3Dlightbox%26settings%3DeyJpZCI6MTI0NzEsInVybCI6Imh0dHBzOlwvXC93d3cuZXVyb25hdmFsLmNvbVwvd3AtY29udGVudFwvdXBsb2Fkc1wvMjAyNFwvMTFcL0FJTGl2ZVNpbS13aW4tdGhlLVNwZWNpYWwtQXJ0aWZpY2lhbC1JbnRlbGxpZ2VuY2UtQXdhcmQtc2NhbGVkLmpwZyIsInNsaWRlc2hvdyI6Ijk4MzM3MzQifQ%3D%3D\">\n\t\t\t\t\t<div class=\"e-gallery-image elementor-gallery-item__image\" data-thumbnail=\"https:\/\/www.euronaval.com\/wp-content\/uploads\/2024\/11\/AILiveSim-win-the-Special-Artificial-Intelligence-Award-300x200.jpg\" data-width=\"300\" data-height=\"200\" aria-label=\"AILiveSim remporte le prix sp\u00e9cial de l&#039;intelligence artificielle\" role=\"img\" ><\/div>\n\t\t\t\t\t\t\t\t\t\t\t<div class=\"elementor-gallery-item__overlay\"><\/div>\n\t\t\t\t\t\t\t\t\t\t\t\t\t\t\t<div class=\"elementor-gallery-item__content\">\n\t\t\t\t\t\t\t\t\t\t\t\t\t\t<div class=\"elementor-gallery-item__title\">\n\t\t\t\t\t\t\t\t\t\t\t\t\t\t\t\t\t\tAILiveSim remporte le prix sp\u00e9cial de l'intelligence artificielle\t\t\t\t\t\t\t\t<\/div>\n\t\t\t\t\t\t\t\t\t\t\t\t<\/div>\n\t\t\t\t\t\t\t\t\t<\/a>\n\t\t\t\t\t\t\t<a class=\"e-gallery-item elementor-gallery-item elementor-animated-content\" href=\"https:\/\/www.euronaval.com\/wp-content\/uploads\/2024\/11\/Marine-Tech-win-the-GICAN-Special-award-scaled.jpg\" data-elementor-open-lightbox=\"yes\" data-elementor-lightbox-slideshow=\"9833734\" data-elementor-lightbox-title=\"Marine Tech remporte le prix sp\u00e9cial GICAN\" data-e-action-hash=\"#elementor-action%3Aaction%3Dlightbox%26settings%3DeyJpZCI6MTI0OTksInVybCI6Imh0dHBzOlwvXC93d3cuZXVyb25hdmFsLmNvbVwvd3AtY29udGVudFwvdXBsb2Fkc1wvMjAyNFwvMTFcL01hcmluZS1UZWNoLXdpbi10aGUtR0lDQU4tU3BlY2lhbC1hd2FyZC1zY2FsZWQuanBnIiwic2xpZGVzaG93IjoiOTgzMzczNCJ9\">\n\t\t\t\t\t<div class=\"e-gallery-image elementor-gallery-item__image\" data-thumbnail=\"https:\/\/www.euronaval.com\/wp-content\/uploads\/2024\/11\/Marine-Tech-win-the-GICAN-Special-award-300x200.jpg\" data-width=\"300\" data-height=\"200\" aria-label=\"Marine Tech remporte le prix sp\u00e9cial GICAN\" role=\"img\" ><\/div>\n\t\t\t\t\t\t\t\t\t\t\t<div class=\"elementor-gallery-item__overlay\"><\/div>\n\t\t\t\t\t\t\t\t\t\t\t\t\t\t\t<div class=\"elementor-gallery-item__content\">\n\t\t\t\t\t\t\t\t\t\t\t\t\t\t<div class=\"elementor-gallery-item__title\">\n\t\t\t\t\t\t\t\t\t\t\t\t\t\t\t\t\t\tMarine Tech remporte le prix sp\u00e9cial GICAN\t\t\t\t\t\t\t\t<\/div>\n\t\t\t\t\t\t\t\t\t\t\t\t<\/div>\n\t\t\t\t\t\t\t\t\t<\/a>\n\t\t\t\t\t\t\t<a class=\"e-gallery-item elementor-gallery-item elementor-animated-content\" href=\"https:\/\/www.euronaval.com\/wp-content\/uploads\/2024\/11\/MC2-Technologies-win-the-Special-Defense-Innovation-Award-scaled.jpg\" data-elementor-open-lightbox=\"yes\" data-elementor-lightbox-slideshow=\"9833734\" data-elementor-lightbox-title=\"MC2 Technologies remporte le prix sp\u00e9cial de l&#039;innovation dans le domaine de la d\u00e9fense\" data-e-action-hash=\"#elementor-action%3Aaction%3Dlightbox%26settings%3DeyJpZCI6MTI1MDEsInVybCI6Imh0dHBzOlwvXC93d3cuZXVyb25hdmFsLmNvbVwvd3AtY29udGVudFwvdXBsb2Fkc1wvMjAyNFwvMTFcL01DMi1UZWNobm9sb2dpZXMtd2luLXRoZS1TcGVjaWFsLURlZmVuc2UtSW5ub3ZhdGlvbi1Bd2FyZC1zY2FsZWQuanBnIiwic2xpZGVzaG93IjoiOTgzMzczNCJ9\">\n\t\t\t\t\t<div class=\"e-gallery-image elementor-gallery-item__image\" data-thumbnail=\"https:\/\/www.euronaval.com\/wp-content\/uploads\/2024\/11\/MC2-Technologies-win-the-Special-Defense-Innovation-Award-300x200.jpg\" data-width=\"300\" data-height=\"200\" aria-label=\"MC2 Technologies remporte le prix sp\u00e9cial de l&#039;innovation dans le domaine de la d\u00e9fense\" role=\"img\" ><\/div>\n\t\t\t\t\t\t\t\t\t\t\t<div class=\"elementor-gallery-item__overlay\"><\/div>\n\t\t\t\t\t\t\t\t\t\t\t\t\t\t\t<div class=\"elementor-gallery-item__content\">\n\t\t\t\t\t\t\t\t\t\t\t\t\t\t<div class=\"elementor-gallery-item__title\">\n\t\t\t\t\t\t\t\t\t\t\t\t\t\t\t\t\t\tMC2 Technologies remporte le prix sp\u00e9cial de l'innovation dans le domaine de la d\u00e9fense\t\t\t\t\t\t\t\t<\/div>\n\t\t\t\t\t\t\t\t\t\t\t\t<\/div>\n\t\t\t\t\t\t\t\t\t<\/a>\n\t\t\t\t\t\t\t<a class=\"e-gallery-item elementor-gallery-item elementor-animated-content\" href=\"https:\/\/www.euronaval.com\/wp-content\/uploads\/2024\/11\/NEPTUNE-exhibition-opening-scaled.jpg\" data-elementor-open-lightbox=\"yes\" data-elementor-lightbox-slideshow=\"9833734\" data-elementor-lightbox-title=\"Vernissage de l\u2019exposition NEPTUNE\" data-e-action-hash=\"#elementor-action%3Aaction%3Dlightbox%26settings%3DeyJpZCI6MTI1MjUsInVybCI6Imh0dHBzOlwvXC93d3cuZXVyb25hdmFsLmNvbVwvd3AtY29udGVudFwvdXBsb2Fkc1wvMjAyNFwvMTFcL05FUFRVTkUtZXhoaWJpdGlvbi1vcGVuaW5nLXNjYWxlZC5qcGciLCJzbGlkZXNob3ciOiI5ODMzNzM0In0%3D\">\n\t\t\t\t\t<div class=\"e-gallery-image elementor-gallery-item__image\" data-thumbnail=\"https:\/\/www.euronaval.com\/wp-content\/uploads\/2024\/11\/NEPTUNE-exhibition-opening-300x200.jpg\" data-width=\"300\" data-height=\"200\" aria-label=\"Vernissage de l\u2019exposition NEPTUNE\" role=\"img\" ><\/div>\n\t\t\t\t\t\t\t\t\t\t\t<div class=\"elementor-gallery-item__overlay\"><\/div>\n\t\t\t\t\t\t\t\t\t\t\t\t\t\t\t<div class=\"elementor-gallery-item__content\">\n\t\t\t\t\t\t\t\t\t\t\t\t\t\t<div class=\"elementor-gallery-item__title\">\n\t\t\t\t\t\t\t\t\t\t\t\t\t\t\t\t\t\tVernissage de l\u2019exposition NEPTUNE\t\t\t\t\t\t\t\t<\/div>\n\t\t\t\t\t\t\t\t\t\t\t\t<\/div>\n\t\t\t\t\t\t\t\t\t<\/a>\n\t\t\t\t\t\t\t<a class=\"e-gallery-item elementor-gallery-item elementor-animated-content\" href=\"https:\/\/www.euronaval.com\/wp-content\/uploads\/2024\/11\/Naval-Bookshop-2-scaled.jpg\" data-elementor-open-lightbox=\"yes\" data-elementor-lightbox-slideshow=\"9833734\" data-elementor-lightbox-title=\"Naval Bookshop\" data-e-action-hash=\"#elementor-action%3Aaction%3Dlightbox%26settings%3DeyJpZCI6MTI1MTUsInVybCI6Imh0dHBzOlwvXC93d3cuZXVyb25hdmFsLmNvbVwvd3AtY29udGVudFwvdXBsb2Fkc1wvMjAyNFwvMTFcL05hdmFsLUJvb2tzaG9wLTItc2NhbGVkLmpwZyIsInNsaWRlc2hvdyI6Ijk4MzM3MzQifQ%3D%3D\">\n\t\t\t\t\t<div class=\"e-gallery-image elementor-gallery-item__image\" data-thumbnail=\"https:\/\/www.euronaval.com\/wp-content\/uploads\/2024\/11\/Naval-Bookshop-2-300x200.jpg\" data-width=\"300\" data-height=\"200\" aria-label=\"Naval Bookshop\" role=\"img\" ><\/div>\n\t\t\t\t\t\t\t\t\t\t\t<div class=\"elementor-gallery-item__overlay\"><\/div>\n\t\t\t\t\t\t\t\t\t\t\t\t\t\t\t<div class=\"elementor-gallery-item__content\">\n\t\t\t\t\t\t\t\t\t\t\t\t\t\t<div class=\"elementor-gallery-item__title\">\n\t\t\t\t\t\t\t\t\t\t\t\t\t\t\t\t\t\tNaval Bookshop\t\t\t\t\t\t\t\t<\/div>\n\t\t\t\t\t\t\t\t\t\t\t\t<\/div>\n\t\t\t\t\t\t\t\t\t<\/a>\n\t\t\t\t\t\t\t<a class=\"e-gallery-item elementor-gallery-item elementor-animated-content\" href=\"https:\/\/www.euronaval.com\/wp-content\/uploads\/2024\/11\/Naval-Bookshop.jpg\" data-elementor-open-lightbox=\"yes\" data-elementor-lightbox-slideshow=\"9833734\" data-elementor-lightbox-title=\"Naval Bookshop\" data-e-action-hash=\"#elementor-action%3Aaction%3Dlightbox%26settings%3DeyJpZCI6MTI1MTMsInVybCI6Imh0dHBzOlwvXC93d3cuZXVyb25hdmFsLmNvbVwvd3AtY29udGVudFwvdXBsb2Fkc1wvMjAyNFwvMTFcL05hdmFsLUJvb2tzaG9wLmpwZyIsInNsaWRlc2hvdyI6Ijk4MzM3MzQifQ%3D%3D\">\n\t\t\t\t\t<div class=\"e-gallery-image elementor-gallery-item__image\" data-thumbnail=\"https:\/\/www.euronaval.com\/wp-content\/uploads\/2024\/11\/Naval-Bookshop-300x200.jpg\" data-width=\"300\" data-height=\"200\" aria-label=\"Naval Bookshop\" role=\"img\" ><\/div>\n\t\t\t\t\t\t\t\t\t\t\t<div class=\"elementor-gallery-item__overlay\"><\/div>\n\t\t\t\t\t\t\t\t\t\t\t\t\t\t\t<div class=\"elementor-gallery-item__content\">\n\t\t\t\t\t\t\t\t\t\t\t\t\t\t<div class=\"elementor-gallery-item__title\">\n\t\t\t\t\t\t\t\t\t\t\t\t\t\t\t\t\t\tNaval Bookshop\t\t\t\t\t\t\t\t<\/div>\n\t\t\t\t\t\t\t\t\t\t\t\t<\/div>\n\t\t\t\t\t\t\t\t\t<\/a>\n\t\t\t\t\t\t\t<a class=\"e-gallery-item elementor-gallery-item elementor-animated-content\" href=\"https:\/\/www.euronaval.com\/wp-content\/uploads\/2024\/11\/Naval-Bookshop-Book-signature-scaled.jpg\" data-elementor-open-lightbox=\"yes\" data-elementor-lightbox-slideshow=\"9833734\" data-elementor-lightbox-title=\"Signature de livre - Naval Bookshop\" data-e-action-hash=\"#elementor-action%3Aaction%3Dlightbox%26settings%3DeyJpZCI6MTI1MTcsInVybCI6Imh0dHBzOlwvXC93d3cuZXVyb25hdmFsLmNvbVwvd3AtY29udGVudFwvdXBsb2Fkc1wvMjAyNFwvMTFcL05hdmFsLUJvb2tzaG9wLUJvb2stc2lnbmF0dXJlLXNjYWxlZC5qcGciLCJzbGlkZXNob3ciOiI5ODMzNzM0In0%3D\">\n\t\t\t\t\t<div class=\"e-gallery-image elementor-gallery-item__image\" data-thumbnail=\"https:\/\/www.euronaval.com\/wp-content\/uploads\/2024\/11\/Naval-Bookshop-Book-signature-300x200.jpg\" data-width=\"300\" data-height=\"200\" aria-label=\"Signature de livre - Naval Bookshop\" role=\"img\" ><\/div>\n\t\t\t\t\t\t\t\t\t\t\t<div class=\"elementor-gallery-item__overlay\"><\/div>\n\t\t\t\t\t\t\t\t\t\t\t\t\t\t\t<div class=\"elementor-gallery-item__content\">\n\t\t\t\t\t\t\t\t\t\t\t\t\t\t<div class=\"elementor-gallery-item__title\">\n\t\t\t\t\t\t\t\t\t\t\t\t\t\t\t\t\t\tSignature de livre - Naval Bookshop\t\t\t\t\t\t\t\t<\/div>\n\t\t\t\t\t\t\t\t\t\t\t\t<\/div>\n\t\t\t\t\t\t\t\t\t<\/a>\n\t\t\t\t\t\t\t<a class=\"e-gallery-item elementor-gallery-item elementor-animated-content\" href=\"https:\/\/www.euronaval.com\/wp-content\/uploads\/2024\/11\/Navy-Motion.jpg\" data-elementor-open-lightbox=\"yes\" data-elementor-lightbox-slideshow=\"9833734\" data-elementor-lightbox-title=\"Navy Motion\" data-e-action-hash=\"#elementor-action%3Aaction%3Dlightbox%26settings%3DeyJpZCI6MTI1MTksInVybCI6Imh0dHBzOlwvXC93d3cuZXVyb25hdmFsLmNvbVwvd3AtY29udGVudFwvdXBsb2Fkc1wvMjAyNFwvMTFcL05hdnktTW90aW9uLmpwZyIsInNsaWRlc2hvdyI6Ijk4MzM3MzQifQ%3D%3D\">\n\t\t\t\t\t<div class=\"e-gallery-image elementor-gallery-item__image\" data-thumbnail=\"https:\/\/www.euronaval.com\/wp-content\/uploads\/2024\/11\/Navy-Motion-300x225.jpg\" data-width=\"300\" data-height=\"225\" aria-label=\"Navy Motion\" role=\"img\" ><\/div>\n\t\t\t\t\t\t\t\t\t\t\t<div class=\"elementor-gallery-item__overlay\"><\/div>\n\t\t\t\t\t\t\t\t\t\t\t\t\t\t\t<div class=\"elementor-gallery-item__content\">\n\t\t\t\t\t\t\t\t\t\t\t\t\t\t<div class=\"elementor-gallery-item__title\">\n\t\t\t\t\t\t\t\t\t\t\t\t\t\t\t\t\t\tNavy Motion\t\t\t\t\t\t\t\t<\/div>\n\t\t\t\t\t\t\t\t\t\t\t\t<\/div>\n\t\t\t\t\t\t\t\t\t<\/a>\n\t\t\t\t\t\t\t<a class=\"e-gallery-item elementor-gallery-item elementor-animated-content\" href=\"https:\/\/www.euronaval.com\/wp-content\/uploads\/2024\/11\/Navy-Motion-2.jpg\" data-elementor-open-lightbox=\"yes\" data-elementor-lightbox-slideshow=\"9833734\" data-elementor-lightbox-title=\"Navy Motion\" data-e-action-hash=\"#elementor-action%3Aaction%3Dlightbox%26settings%3DeyJpZCI6MTI1MjEsInVybCI6Imh0dHBzOlwvXC93d3cuZXVyb25hdmFsLmNvbVwvd3AtY29udGVudFwvdXBsb2Fkc1wvMjAyNFwvMTFcL05hdnktTW90aW9uLTIuanBnIiwic2xpZGVzaG93IjoiOTgzMzczNCJ9\">\n\t\t\t\t\t<div class=\"e-gallery-image elementor-gallery-item__image\" data-thumbnail=\"https:\/\/www.euronaval.com\/wp-content\/uploads\/2024\/11\/Navy-Motion-2-300x225.jpg\" data-width=\"300\" data-height=\"225\" aria-label=\"Navy Motion\" role=\"img\" ><\/div>\n\t\t\t\t\t\t\t\t\t\t\t<div class=\"elementor-gallery-item__overlay\"><\/div>\n\t\t\t\t\t\t\t\t\t\t\t\t\t\t\t<div class=\"elementor-gallery-item__content\">\n\t\t\t\t\t\t\t\t\t\t\t\t\t\t<div class=\"elementor-gallery-item__title\">\n\t\t\t\t\t\t\t\t\t\t\t\t\t\t\t\t\t\tNavy Motion\t\t\t\t\t\t\t\t<\/div>\n\t\t\t\t\t\t\t\t\t\t\t\t<\/div>\n\t\t\t\t\t\t\t\t\t<\/a>\n\t\t\t\t\t\t\t<a class=\"e-gallery-item elementor-gallery-item elementor-animated-content\" href=\"https:\/\/www.euronaval.com\/wp-content\/uploads\/2024\/11\/Navy-Motion-3.jpg\" data-elementor-open-lightbox=\"yes\" data-elementor-lightbox-slideshow=\"9833734\" data-elementor-lightbox-title=\"Navy Motion\" data-e-action-hash=\"#elementor-action%3Aaction%3Dlightbox%26settings%3DeyJpZCI6MTI1MjMsInVybCI6Imh0dHBzOlwvXC93d3cuZXVyb25hdmFsLmNvbVwvd3AtY29udGVudFwvdXBsb2Fkc1wvMjAyNFwvMTFcL05hdnktTW90aW9uLTMuanBnIiwic2xpZGVzaG93IjoiOTgzMzczNCJ9\">\n\t\t\t\t\t<div class=\"e-gallery-image elementor-gallery-item__image\" data-thumbnail=\"https:\/\/www.euronaval.com\/wp-content\/uploads\/2024\/11\/Navy-Motion-3-200x300.jpg\" data-width=\"200\" data-height=\"300\" aria-label=\"Navy Motion\" role=\"img\" ><\/div>\n\t\t\t\t\t\t\t\t\t\t\t<div class=\"elementor-gallery-item__overlay\"><\/div>\n\t\t\t\t\t\t\t\t\t\t\t\t\t\t\t<div class=\"elementor-gallery-item__content\">\n\t\t\t\t\t\t\t\t\t\t\t\t\t\t<div class=\"elementor-gallery-item__title\">\n\t\t\t\t\t\t\t\t\t\t\t\t\t\t\t\t\t\tNavy Motion\t\t\t\t\t\t\t\t<\/div>\n\t\t\t\t\t\t\t\t\t\t\t\t<\/div>\n\t\t\t\t\t\t\t\t\t<\/a>\n\t\t\t\t\t<\/div>\n\t\t\t\t\t<\/div>\n\t\t\t\t\t<\/div>\n\t\t<\/div>\n\t\t\t\t\t<\/div>\n\t\t<\/section>\n\t\t\t\t<\/div>\n\t\t","protected":false},"excerpt":{"rendered":"<p>Vid\u00e9os EURONAVAL 2024 Mr Sebastien Lecornu&rsquo;s arrival Mr Sebastien Lecornu Minister for the Armed Forces and Veterans opens the EURONAVAL exhibition EURONAVAL inauguration Mr Hugues Du Plessis d&rsquo;Argentre Mr Pierre-Eric Pommellet Mr Emmanuel Chiva and Admiral Nicolas Vaujour Mr Pierre-Eric Pommellet Mr Emmanuel Chiva and Admiral Nicolas Vaujour on the Naval Group stand EURONAVAL NAVAL [&hellip;]<\/p>\n","protected":false},"author":1,"featured_media":0,"parent":5317,"menu_order":0,"comment_status":"closed","ping_status":"closed","template":"","meta":{"_acf_changed":false,"footnotes":"","_links_to":"","_links_to_target":""},"class_list":["post-5723","page","type-page","status-publish","hentry"],"acf":[],"yoast_head":"<!-- This site is optimized with the Yoast SEO plugin v27.4 - https:\/\/yoast.com\/product\/yoast-seo-wordpress\/ -->\n<title>Euronaval 2024 - Visitez notre galerie de m\u00e9dias d\u00e8s aujourd&#039;hui !<\/title>\n<meta name=\"description\" content=\"Revivez les meilleurs moments d&#039;Euronaval 2024 gr\u00e2ce \u00e0 notre galerie de m\u00e9dias. Parcourez les photos de l&#039;\u00e9v\u00e9nement et d\u00e9couvrez les derni\u00e8res tendances et innovations de l&#039;industrie maritime. Ne manquez pas de visiter notre galerie d\u00e8s aujourd&#039;hui !\" \/>\n<meta name=\"robots\" content=\"index, follow, max-snippet:-1, max-image-preview:large, max-video-preview:-1\" \/>\n<link rel=\"canonical\" href=\"https:\/\/www.euronaval.com\/fr\/media__trashed\/galerie-media\/\" \/>\n<meta property=\"og:locale\" content=\"fr_FR\" \/>\n<meta property=\"og:type\" content=\"article\" \/>\n<meta property=\"og:title\" content=\"Euronaval 2024 - Visitez notre galerie de m\u00e9dias d\u00e8s aujourd&#039;hui !\" \/>\n<meta property=\"og:description\" content=\"Revivez les meilleurs moments d&#039;Euronaval 2024 gr\u00e2ce \u00e0 notre galerie de m\u00e9dias. Parcourez les photos de l&#039;\u00e9v\u00e9nement et d\u00e9couvrez les derni\u00e8res tendances et innovations de l&#039;industrie maritime. Ne manquez pas de visiter notre galerie d\u00e8s aujourd&#039;hui !\" \/>\n<meta property=\"og:url\" content=\"https:\/\/www.euronaval.com\/fr\/media__trashed\/galerie-media\/\" \/>\n<meta property=\"og:site_name\" content=\"Euronaval\" \/>\n<meta property=\"article:publisher\" content=\"https:\/\/www.facebook.com\/people\/Euronaval\/100063477820109\/\" \/>\n<meta property=\"article:modified_time\" content=\"2025-11-24T15:52:25+00:00\" \/>\n<meta name=\"twitter:card\" content=\"summary_large_image\" \/>\n<meta name=\"twitter:site\" content=\"@SalonEuronaval\" \/>\n<meta name=\"twitter:label1\" content=\"Dur\u00e9e de lecture estim\u00e9e\" \/>\n\t<meta name=\"twitter:data1\" content=\"1 minute\" \/>\n<script type=\"application\/ld+json\" class=\"yoast-schema-graph\">{\"@context\":\"https:\\\/\\\/schema.org\",\"@graph\":[{\"@type\":\"WebPage\",\"@id\":\"https:\\\/\\\/www.euronaval.com\\\/fr\\\/media__trashed\\\/galerie-media\\\/\",\"url\":\"https:\\\/\\\/www.euronaval.com\\\/fr\\\/media__trashed\\\/galerie-media\\\/\",\"name\":\"Euronaval 2024 - Visitez notre galerie de m\u00e9dias d\u00e8s aujourd'hui !\",\"isPartOf\":{\"@id\":\"https:\\\/\\\/www.euronaval.com\\\/fr\\\/#website\"},\"datePublished\":\"2023-07-07T13:37:00+00:00\",\"dateModified\":\"2025-11-24T15:52:25+00:00\",\"description\":\"Revivez les meilleurs moments d'Euronaval 2024 gr\u00e2ce \u00e0 notre galerie de m\u00e9dias. Parcourez les photos de l'\u00e9v\u00e9nement et d\u00e9couvrez les derni\u00e8res tendances et innovations de l'industrie maritime. Ne manquez pas de visiter notre galerie d\u00e8s aujourd'hui !\",\"breadcrumb\":{\"@id\":\"https:\\\/\\\/www.euronaval.com\\\/fr\\\/media__trashed\\\/galerie-media\\\/#breadcrumb\"},\"inLanguage\":\"fr-FR\",\"potentialAction\":[{\"@type\":\"ReadAction\",\"target\":[\"https:\\\/\\\/www.euronaval.com\\\/fr\\\/media__trashed\\\/galerie-media\\\/\"]}]},{\"@type\":\"BreadcrumbList\",\"@id\":\"https:\\\/\\\/www.euronaval.com\\\/fr\\\/media__trashed\\\/galerie-media\\\/#breadcrumb\",\"itemListElement\":[{\"@type\":\"ListItem\",\"position\":1,\"name\":\"Accueil\",\"item\":\"https:\\\/\\\/www.euronaval.com\\\/fr\\\/\"},{\"@type\":\"ListItem\",\"position\":2,\"name\":\"Media\",\"item\":\"https:\\\/\\\/www.euronaval.com\\\/fr\\\/?page_id=5317\"},{\"@type\":\"ListItem\",\"position\":3,\"name\":\"Galerie m\u00e9dia\"}]},{\"@type\":\"WebSite\",\"@id\":\"https:\\\/\\\/www.euronaval.com\\\/fr\\\/#website\",\"url\":\"https:\\\/\\\/www.euronaval.com\\\/fr\\\/\",\"name\":\"Euronaval\",\"description\":\"The World Naval Defense Exhibition\",\"publisher\":{\"@id\":\"https:\\\/\\\/www.euronaval.com\\\/fr\\\/#organization\"},\"potentialAction\":[{\"@type\":\"SearchAction\",\"target\":{\"@type\":\"EntryPoint\",\"urlTemplate\":\"https:\\\/\\\/www.euronaval.com\\\/fr\\\/?s={search_term_string}\"},\"query-input\":{\"@type\":\"PropertyValueSpecification\",\"valueRequired\":true,\"valueName\":\"search_term_string\"}}],\"inLanguage\":\"fr-FR\"},{\"@type\":\"Organization\",\"@id\":\"https:\\\/\\\/www.euronaval.com\\\/fr\\\/#organization\",\"name\":\"Euronaval\",\"url\":\"https:\\\/\\\/www.euronaval.com\\\/fr\\\/\",\"logo\":{\"@type\":\"ImageObject\",\"inLanguage\":\"fr-FR\",\"@id\":\"https:\\\/\\\/www.euronaval.com\\\/fr\\\/#\\\/schema\\\/logo\\\/image\\\/\",\"url\":\"https:\\\/\\\/www.euronaval.com\\\/wp-content\\\/uploads\\\/2023\\\/06\\\/cropped-logo-euronaval-1.png\",\"contentUrl\":\"https:\\\/\\\/www.euronaval.com\\\/wp-content\\\/uploads\\\/2023\\\/06\\\/cropped-logo-euronaval-1.png\",\"width\":307,\"height\":29,\"caption\":\"Euronaval\"},\"image\":{\"@id\":\"https:\\\/\\\/www.euronaval.com\\\/fr\\\/#\\\/schema\\\/logo\\\/image\\\/\"},\"sameAs\":[\"https:\\\/\\\/www.facebook.com\\\/people\\\/Euronaval\\\/100063477820109\\\/\",\"https:\\\/\\\/x.com\\\/SalonEuronaval\",\"https:\\\/\\\/www.linkedin.com\\\/company\\\/euronaval\\\/\",\"https:\\\/\\\/www.youtube.com\\\/@euronaval8981\"]}]}<\/script>\n<!-- \/ Yoast SEO plugin. -->","yoast_head_json":{"title":"Euronaval 2024 - Visitez notre galerie de m\u00e9dias d\u00e8s aujourd'hui !","description":"Revivez les meilleurs moments d'Euronaval 2024 gr\u00e2ce \u00e0 notre galerie de m\u00e9dias. Parcourez les photos de l'\u00e9v\u00e9nement et d\u00e9couvrez les derni\u00e8res tendances et innovations de l'industrie maritime. Ne manquez pas de visiter notre galerie d\u00e8s aujourd'hui !","robots":{"index":"index","follow":"follow","max-snippet":"max-snippet:-1","max-image-preview":"max-image-preview:large","max-video-preview":"max-video-preview:-1"},"canonical":"https:\/\/www.euronaval.com\/fr\/media__trashed\/galerie-media\/","og_locale":"fr_FR","og_type":"article","og_title":"Euronaval 2024 - Visitez notre galerie de m\u00e9dias d\u00e8s aujourd'hui !","og_description":"Revivez les meilleurs moments d'Euronaval 2024 gr\u00e2ce \u00e0 notre galerie de m\u00e9dias. Parcourez les photos de l'\u00e9v\u00e9nement et d\u00e9couvrez les derni\u00e8res tendances et innovations de l'industrie maritime. Ne manquez pas de visiter notre galerie d\u00e8s aujourd'hui !","og_url":"https:\/\/www.euronaval.com\/fr\/media__trashed\/galerie-media\/","og_site_name":"Euronaval","article_publisher":"https:\/\/www.facebook.com\/people\/Euronaval\/100063477820109\/","article_modified_time":"2025-11-24T15:52:25+00:00","twitter_card":"summary_large_image","twitter_site":"@SalonEuronaval","twitter_misc":{"Dur\u00e9e de lecture estim\u00e9e":"1 minute"},"schema":{"@context":"https:\/\/schema.org","@graph":[{"@type":"WebPage","@id":"https:\/\/www.euronaval.com\/fr\/media__trashed\/galerie-media\/","url":"https:\/\/www.euronaval.com\/fr\/media__trashed\/galerie-media\/","name":"Euronaval 2024 - Visitez notre galerie de m\u00e9dias d\u00e8s aujourd'hui !","isPartOf":{"@id":"https:\/\/www.euronaval.com\/fr\/#website"},"datePublished":"2023-07-07T13:37:00+00:00","dateModified":"2025-11-24T15:52:25+00:00","description":"Revivez les meilleurs moments d'Euronaval 2024 gr\u00e2ce \u00e0 notre galerie de m\u00e9dias. Parcourez les photos de l'\u00e9v\u00e9nement et d\u00e9couvrez les derni\u00e8res tendances et innovations de l'industrie maritime. Ne manquez pas de visiter notre galerie d\u00e8s aujourd'hui !","breadcrumb":{"@id":"https:\/\/www.euronaval.com\/fr\/media__trashed\/galerie-media\/#breadcrumb"},"inLanguage":"fr-FR","potentialAction":[{"@type":"ReadAction","target":["https:\/\/www.euronaval.com\/fr\/media__trashed\/galerie-media\/"]}]},{"@type":"BreadcrumbList","@id":"https:\/\/www.euronaval.com\/fr\/media__trashed\/galerie-media\/#breadcrumb","itemListElement":[{"@type":"ListItem","position":1,"name":"Accueil","item":"https:\/\/www.euronaval.com\/fr\/"},{"@type":"ListItem","position":2,"name":"Media","item":"https:\/\/www.euronaval.com\/fr\/?page_id=5317"},{"@type":"ListItem","position":3,"name":"Galerie m\u00e9dia"}]},{"@type":"WebSite","@id":"https:\/\/www.euronaval.com\/fr\/#website","url":"https:\/\/www.euronaval.com\/fr\/","name":"Euronaval","description":"The World Naval Defense Exhibition","publisher":{"@id":"https:\/\/www.euronaval.com\/fr\/#organization"},"potentialAction":[{"@type":"SearchAction","target":{"@type":"EntryPoint","urlTemplate":"https:\/\/www.euronaval.com\/fr\/?s={search_term_string}"},"query-input":{"@type":"PropertyValueSpecification","valueRequired":true,"valueName":"search_term_string"}}],"inLanguage":"fr-FR"},{"@type":"Organization","@id":"https:\/\/www.euronaval.com\/fr\/#organization","name":"Euronaval","url":"https:\/\/www.euronaval.com\/fr\/","logo":{"@type":"ImageObject","inLanguage":"fr-FR","@id":"https:\/\/www.euronaval.com\/fr\/#\/schema\/logo\/image\/","url":"https:\/\/www.euronaval.com\/wp-content\/uploads\/2023\/06\/cropped-logo-euronaval-1.png","contentUrl":"https:\/\/www.euronaval.com\/wp-content\/uploads\/2023\/06\/cropped-logo-euronaval-1.png","width":307,"height":29,"caption":"Euronaval"},"image":{"@id":"https:\/\/www.euronaval.com\/fr\/#\/schema\/logo\/image\/"},"sameAs":["https:\/\/www.facebook.com\/people\/Euronaval\/100063477820109\/","https:\/\/x.com\/SalonEuronaval","https:\/\/www.linkedin.com\/company\/euronaval\/","https:\/\/www.youtube.com\/@euronaval8981"]}]}},"_links":{"self":[{"href":"https:\/\/www.euronaval.com\/fr\/wp-json\/wp\/v2\/pages\/5723","targetHints":{"allow":["GET"]}}],"collection":[{"href":"https:\/\/www.euronaval.com\/fr\/wp-json\/wp\/v2\/pages"}],"about":[{"href":"https:\/\/www.euronaval.com\/fr\/wp-json\/wp\/v2\/types\/page"}],"author":[{"embeddable":true,"href":"https:\/\/www.euronaval.com\/fr\/wp-json\/wp\/v2\/users\/1"}],"replies":[{"embeddable":true,"href":"https:\/\/www.euronaval.com\/fr\/wp-json\/wp\/v2\/comments?post=5723"}],"version-history":[{"count":5,"href":"https:\/\/www.euronaval.com\/fr\/wp-json\/wp\/v2\/pages\/5723\/revisions"}],"predecessor-version":[{"id":17348,"href":"https:\/\/www.euronaval.com\/fr\/wp-json\/wp\/v2\/pages\/5723\/revisions\/17348"}],"up":[{"embeddable":true,"href":"https:\/\/www.euronaval.com\/fr\/wp-json\/wp\/v2\/pages\/5317"}],"wp:attachment":[{"href":"https:\/\/www.euronaval.com\/fr\/wp-json\/wp\/v2\/media?parent=5723"}],"curies":[{"name":"wp","href":"https:\/\/api.w.org\/{rel}","templated":true}]}}